{"id":2269,"date":"2021-02-09T12:33:09","date_gmt":"2021-02-09T12:33:09","guid":{"rendered":"http:\/\/vrtici-maza.hr\/?page_id=2269"},"modified":"2023-03-24T13:31:48","modified_gmt":"2023-03-24T13:31:48","slug":"blog-i-novosti","status":"publish","type":"page","link":"https:\/\/vrtici-maza.hr\/en\/blog-i-novosti\/","title":{"rendered":"Blog"},"content":{"rendered":"<div class=\"wpb-content-wrapper\"><p><\/p>\n<p>[vc_row gap=&#8221;35&#8243; bg_type=&#8221;bg_color&#8221; bg_override=&#8221;full&#8221; bg_color_value=&#8221;#f5f6f6&#8243; css=&#8221;.vc_custom_1679661201443{margin-bottom: -20px !important;}&#8221;][vc_column width=&#8221;1\/6&#8243;][\/vc_column][vc_column width=&#8221;2\/3&#8243;]<div class=\"ult-spacer spacer-69f1be98d2174\" data-id=\"69f1be98d2174\" data-height=\"60\" data-height-mobile=\"0\" data-height-tab=\"50\" data-height-tab-portrait=\"40\" data-height-mobile-landscape=\"0\" style=\"clear:both;display:block;\"><\/div><div class=\"aio-icon-component    style_2\"><div id=\"Info-box-wrap-4591\" class=\"aio-icon-box top-icon\" style=\"\"  ><div class=\"aio-icon-top\"><div class=\"ult-just-icon-wrapper  \"><div class=\"align-icon\" style=\"text-align:center;\">\n<div class=\"aio-icon none \"  style=\"color:#ff6666;font-size:20px;display:inline-block;\">\n\t<i class=\"fas fa-pencil-alt\"><\/i>\n<\/div><\/div><\/div><\/div><div class=\"aio-icon-header\" ><h6 class=\"aio-icon-title ult-responsive\"  data-ultimate-target='#Info-box-wrap-4591 .aio-icon-title'  data-responsive-json-new='{\"font-size\":\"\",\"line-height\":\"\"}'  style=\"color:#7e7e7e;\">Follow the newest contents and events<\/h6><\/div> <!-- header --><\/div> <!-- aio-icon-box --><\/div> <!-- aio-icon-component --><div id=\"ultimate-heading-534569f1be98d2316\" class=\"uvc-heading ult-adjust-bottom-margin ultimate-heading-534569f1be98d2316 uvc-3165 \" data-hspacer=\"no_spacer\"  data-halign=\"center\" style=\"text-align:center\"><div class=\"uvc-heading-spacer no_spacer\" style=\"top\"><\/div><div class=\"uvc-main-heading ult-responsive\"  data-ultimate-target='.uvc-heading.ultimate-heading-534569f1be98d2316 h2'  data-responsive-json-new='{\"font-size\":\"desktop:42px;\",\"line-height\":\"desktop:60px;\"}' ><h2 style=\"--font-weight:theme;margin-top:0px;margin-bottom:34px;\">Blog &amp; novelties<\/h2><\/div><\/div>[vc_column_text]<\/p>\n<p style=\"text-align: center;\">The work focus of \u201eMaza\u201c kindergarten is on the encouragement of the complete development, education of young and preschool children together with the implementation of quality programme, appropriate incentives and methods, their individual needs and different development characteristics.<\/p>\n<p>[\/vc_column_text][\/vc_column][vc_column width=&#8221;1\/6&#8243;][\/vc_column][\/vc_row][vc_row bg_type=&#8221;bg_color&#8221; bg_override=&#8221;full&#8221; bg_color_value=&#8221;#f5f6f6&#8243; css=&#8221;.vc_custom_1619690292869{padding-bottom: 100px !important;}&#8221;][vc_column]<style type=\"text\/css\" data-type=\"the7_shortcodes-inline-css\">.blog-shortcode.blog-list-shortcode-id-97390ec0822b3e2c0ebf11d3afe72d0a.content-bg-on.classic-layout-list article {\n  background: #ffffff;\n  box-shadow: none;\n}\n.blog-shortcode.blog-list-shortcode-id-97390ec0822b3e2c0ebf11d3afe72d0a.dividers-on.classic-layout-list article {\n  margin-top: 50px;\n  padding-top: 0;\n}\n.blog-shortcode.blog-list-shortcode-id-97390ec0822b3e2c0ebf11d3afe72d0a.dividers-on.classic-layout-list article:first-of-type {\n  margin-top: 0;\n  padding-top: 0;\n}\n.blog-shortcode.blog-list-shortcode-id-97390ec0822b3e2c0ebf11d3afe72d0a.classic-layout-list.mode-list .post-thumbnail-wrap {\n  width: 35%;\n}\n.blog-shortcode.blog-list-shortcode-id-97390ec0822b3e2c0ebf11d3afe72d0a.classic-layout-list.mode-list .post-entry-content {\n  width: calc(100% - 35%);\n}\n.blog-shortcode.blog-list-shortcode-id-97390ec0822b3e2c0ebf11d3afe72d0a.classic-layout-list.mode-list .no-img .post-entry-content {\n  width: 100%;\n}\n.blog-shortcode.blog-list-shortcode-id-97390ec0822b3e2c0ebf11d3afe72d0a .filter-bg-decoration .filter-categories a.act {\n  color: #fff;\n}\n.blog-shortcode.blog-list-shortcode-id-97390ec0822b3e2c0ebf11d3afe72d0a:not(.mode-masonry) article {\n  margin-top: 50px;\n}\n.blog-shortcode.blog-list-shortcode-id-97390ec0822b3e2c0ebf11d3afe72d0a:not(.mode-masonry) article:first-of-type,\n.blog-shortcode.blog-list-shortcode-id-97390ec0822b3e2c0ebf11d3afe72d0a:not(.mode-masonry) article.visible.first:not(.product) {\n  margin-top: 0;\n}\n.blog-shortcode.blog-list-shortcode-id-97390ec0822b3e2c0ebf11d3afe72d0a.dividers-on:not(.mode-masonry) article {\n  margin-top: 0;\n  padding-top: 50px;\n}\n.blog-shortcode.blog-list-shortcode-id-97390ec0822b3e2c0ebf11d3afe72d0a.dividers-on:not(.mode-masonry) article:first-of-type,\n.blog-shortcode.blog-list-shortcode-id-97390ec0822b3e2c0ebf11d3afe72d0a.dividers-on:not(.mode-masonry) article.visible.first:not(.product) {\n  margin-top: 0;\n  padding-top: 0;\n}\n.blog-shortcode.blog-list-shortcode-id-97390ec0822b3e2c0ebf11d3afe72d0a .post-thumbnail-wrap {\n  padding: 0px 0px 0px 0px;\n}\n.blog-shortcode.blog-list-shortcode-id-97390ec0822b3e2c0ebf11d3afe72d0a.enable-bg-rollover .post-thumbnail-rollover:after {\n  background: -webkit-linear-gradient();\n  background: linear-gradient();\n}\n.blog-shortcode.blog-list-shortcode-id-97390ec0822b3e2c0ebf11d3afe72d0a .gallery-zoom-ico {\n  width: 44px;\n  height: 44px;\n  line-height: 44px;\n  border-radius: 100px;\n  margin: -22px 0 0 -22px;\n  border-width: 0px;\n  color: #ffffff;\n}\n.bottom-overlap-layout-list.blog-shortcode.blog-list-shortcode-id-97390ec0822b3e2c0ebf11d3afe72d0a .gallery-zoom-ico {\n  margin-top: -22px;\n}\n.gradient-overlay-layout-list.blog-shortcode.blog-list-shortcode-id-97390ec0822b3e2c0ebf11d3afe72d0a .gallery-zoom-ico,\n.content-rollover-layout-list.blog-shortcode.blog-list-shortcode-id-97390ec0822b3e2c0ebf11d3afe72d0a .gallery-zoom-ico {\n  margin: 0 0 10px;\n}\n.content-align-center.gradient-overlay-layout-list.blog-shortcode.blog-list-shortcode-id-97390ec0822b3e2c0ebf11d3afe72d0a .gallery-zoom-ico,\n.content-align-center.content-rollover-layout-list.blog-shortcode.blog-list-shortcode-id-97390ec0822b3e2c0ebf11d3afe72d0a .gallery-zoom-ico {\n  margin: 0 auto 10px;\n}\n.dt-icon-bg-on.blog-shortcode.blog-list-shortcode-id-97390ec0822b3e2c0ebf11d3afe72d0a .gallery-zoom-ico {\n  background: rgba(255,255,255,0.3);\n  box-shadow: none;\n}\n.blog-shortcode.blog-list-shortcode-id-97390ec0822b3e2c0ebf11d3afe72d0a .gallery-zoom-ico > span,\n.blog-shortcode.blog-list-shortcode-id-97390ec0822b3e2c0ebf11d3afe72d0a .gallery-zoom-ico:before {\n  font-size: 32px;\n  line-height: 44px;\n}\n.blog-shortcode.blog-list-shortcode-id-97390ec0822b3e2c0ebf11d3afe72d0a .gallery-zoom-ico > span,\n.blog-shortcode.blog-list-shortcode-id-97390ec0822b3e2c0ebf11d3afe72d0a .gallery-zoom-ico:before {\n  color: #ffffff;\n}\n.blog-shortcode.blog-list-shortcode-id-97390ec0822b3e2c0ebf11d3afe72d0a .fancy-date a {\n  background: #ffffff;\n  box-shadow: none;\n}\n.blog-shortcode.blog-list-shortcode-id-97390ec0822b3e2c0ebf11d3afe72d0a .fancy-date a * {\n  color: #2d2d2d;\n}\n.blog-shortcode.blog-list-shortcode-id-97390ec0822b3e2c0ebf11d3afe72d0a .entry-title,\n.blog-shortcode.blog-list-shortcode-id-97390ec0822b3e2c0ebf11d3afe72d0a.owl-carousel .entry-title {\n  margin-bottom: 5px;\n  font-weight: bold;\n}\n.blog-shortcode.blog-list-shortcode-id-97390ec0822b3e2c0ebf11d3afe72d0a .entry-meta {\n  margin-bottom: 15px;\n}\n.blog-shortcode.blog-list-shortcode-id-97390ec0822b3e2c0ebf11d3afe72d0a .portfolio-categories {\n  margin-bottom: 15px;\n}\n.blog-shortcode.blog-list-shortcode-id-97390ec0822b3e2c0ebf11d3afe72d0a .entry-excerpt {\n  margin-bottom: 5px;\n}\n.blog-shortcode.blog-list-shortcode-id-97390ec0822b3e2c0ebf11d3afe72d0a:not(.centered-layout-list) .post-entry-content {\n  padding: 25px 30px 30px 30px;\n}\n.blog-shortcode.blog-list-shortcode-id-97390ec0822b3e2c0ebf11d3afe72d0a:not(.centered-layout-list):not(.content-bg-on):not(.mode-list) .no-img .post-entry-content {\n  padding: 0;\n}\n.blog-shortcode.blog-list-shortcode-id-97390ec0822b3e2c0ebf11d3afe72d0a.content-bg-on:not(.classic-layout-list):not(.centered-layout-list) .post-entry-content {\n  background: #ffffff;\n  box-shadow: none;\n}\n@media screen and (max-width: 768px) {\n  .blog-shortcode.blog-list-shortcode-id-97390ec0822b3e2c0ebf11d3afe72d0a article {\n    -ms-flex-flow: column nowrap;\n    flex-flow: column nowrap;\n    margin-top: 20px;\n  }\n  .blog-shortcode.blog-list-shortcode-id-97390ec0822b3e2c0ebf11d3afe72d0a.dividers-on article {\n    border: none;\n  }\n  .blog-shortcode.blog-list-shortcode-id-97390ec0822b3e2c0ebf11d3afe72d0a.content-bg-on.centered-layout-list article {\n    padding: 0;\n  }\n  .blog-shortcode.blog-list-shortcode-id-97390ec0822b3e2c0ebf11d3afe72d0a.blog-shortcode.dividers-on article,\n  .blog-shortcode.blog-list-shortcode-id-97390ec0822b3e2c0ebf11d3afe72d0a.dividers-on.classic-layout-list article {\n    margin-top: 20px;\n    padding: 0;\n  }\n  .blog-shortcode.blog-list-shortcode-id-97390ec0822b3e2c0ebf11d3afe72d0a.blog-shortcode.dividers-on article:first-of-type,\n  .blog-shortcode.blog-list-shortcode-id-97390ec0822b3e2c0ebf11d3afe72d0a.dividers-on.classic-layout-list article:first-of-type {\n    padding: 0;\n  }\n  #page .blog-shortcode.blog-list-shortcode-id-97390ec0822b3e2c0ebf11d3afe72d0a .post-thumbnail-wrap,\n  #page .blog-shortcode.blog-list-shortcode-id-97390ec0822b3e2c0ebf11d3afe72d0a .post-entry-content {\n    width: 100%;\n    margin: 0;\n    top: 0;\n  }\n  #page .blog-shortcode.blog-list-shortcode-id-97390ec0822b3e2c0ebf11d3afe72d0a .post-thumbnail-wrap {\n    padding: 0;\n  }\n  #page .blog-shortcode.blog-list-shortcode-id-97390ec0822b3e2c0ebf11d3afe72d0a .post-entry-content:after {\n    display: none;\n  }\n  #page .blog-shortcode.blog-list-shortcode-id-97390ec0822b3e2c0ebf11d3afe72d0a .project-even .post-thumbnail-wrap,\n  #page .blog-shortcode.blog-list-shortcode-id-97390ec0822b3e2c0ebf11d3afe72d0a.centered-layout-list .post-thumbnail-wrap {\n    -ms-flex-order: 0;\n    order: 0;\n  }\n  #page .blog-shortcode.blog-list-shortcode-id-97390ec0822b3e2c0ebf11d3afe72d0a.centered-layout-list .post-entry-title-content {\n    -ms-flex-order: 1;\n    order: 1;\n    width: 100%;\n    padding: 20px 20px 0;\n  }\n  #page .blog-shortcode.blog-list-shortcode-id-97390ec0822b3e2c0ebf11d3afe72d0a.centered-layout-list .post-entry-content {\n    -ms-flex-order: 2;\n    order: 2;\n    padding-top: 0;\n  }\n  #page .blog-shortcode.blog-list-shortcode-id-97390ec0822b3e2c0ebf11d3afe72d0a .fancy-categories {\n    top: 10px;\n    left: 10px;\n    bottom: auto;\n    right: auto;\n  }\n  #page .blog-shortcode.blog-list-shortcode-id-97390ec0822b3e2c0ebf11d3afe72d0a .fancy-date a {\n    top: 10px;\n    right: 10px;\n    left: auto;\n    bottom: auto;\n  }\n  #page .blog-shortcode.blog-list-shortcode-id-97390ec0822b3e2c0ebf11d3afe72d0a .post-entry-content {\n    padding: 20px;\n  }\n  #page .blog-shortcode.blog-list-shortcode-id-97390ec0822b3e2c0ebf11d3afe72d0a .entry-title {\n    margin: 3px 0 5px;\n    font-size: 20px;\n    line-height: 26px;\n  }\n  #page .blog-shortcode.blog-list-shortcode-id-97390ec0822b3e2c0ebf11d3afe72d0a .entry-meta {\n    margin: 5px 0 5px;\n  }\n  #page .blog-shortcode.blog-list-shortcode-id-97390ec0822b3e2c0ebf11d3afe72d0a .entry-excerpt {\n    margin: 15px 0 0;\n  }\n  #page .blog-shortcode.blog-list-shortcode-id-97390ec0822b3e2c0ebf11d3afe72d0a .post-details {\n    margin: 5px 0 10px;\n  }\n  #page .blog-shortcode.blog-list-shortcode-id-97390ec0822b3e2c0ebf11d3afe72d0a .post-details.details-type-link {\n    margin-bottom: 2px;\n  }\n}\n<\/style><div class=\"articles-list blog-shortcode mode-list blog-list-shortcode-id-97390ec0822b3e2c0ebf11d3afe72d0a classic-layout-list content-bg-on jquery-filter scale-img dt-icon-bg-off horizontal-fancy-style loading-effect-fade-in\" data-cur-page=\"1\" data-post-limit=\"-1\" data-pagination-mode=\"none\"><article class=\"post project-odd visible post-3247 type-post status-publish format-standard has-post-thumbnail hentry category-blog category-12 description-off\" data-name=\"Ljeto u Mazi\" data-date=\"2024-07-24T12:36:15+00:00\">\n\n<div class=\"post-thumbnail-wrap\">\n\t<div class=\"post-thumbnail\">\n\n\t\t\n\t\t\n\t\t<a href=\"https:\/\/vrtici-maza.hr\/en\/ljeto-u-mazi\/\" class=\"post-thumbnail-rollover layzr-bg layzr-bg\" ><img fetchpriority=\"high\" decoding=\"async\" class=\"blog-thumb-lazy-load preload-me lazy-load aspect\" src=\"data:image\/svg+xml,%3Csvg%20xmlns%3D&#39;http%3A%2F%2Fwww.w3.org%2F2000%2Fsvg&#39;%20viewBox%3D&#39;0%200%20768%20576&#39;%2F%3E\" data-src=\"https:\/\/vrtici-maza.hr\/wp-content\/uploads\/2024\/07\/ljeto-u-djecjem-vrticu-maza-viskovo-768x576.jpg\" data-srcset=\"https:\/\/vrtici-maza.hr\/wp-content\/uploads\/2024\/07\/ljeto-u-djecjem-vrticu-maza-viskovo-768x576.jpg 768w, https:\/\/vrtici-maza.hr\/wp-content\/uploads\/2024\/07\/ljeto-u-djecjem-vrticu-maza-viskovo-1306x979.jpg 1306w\" loading=\"eager\" style=\"--ratio: 768 \/ 576\" sizes=\"(max-width: 768px) 100vw, 768px\" alt=\"ljeto-u-djecjem-vrticu-maza\" title=\"ljeto-u-djecjem-vrticu-maza-viskovo\" width=\"768\" height=\"576\"  \/><\/a>\n\t<\/div>\n<\/div>\n\n\n<div class=\"post-entry-content\">\n\n\t<h3 class=\"entry-title\">\n\t\t<a href=\"https:\/\/vrtici-maza.hr\/en\/ljeto-u-mazi\/\" title=\"Ljeto u Mazi\" rel=\"bookmark\">Ljeto u Mazi<\/a>\n\t<\/h3>\n\n\t<div class=\"entry-meta\"><a href=\"https:\/\/vrtici-maza.hr\/en\/2024\/07\/24\/\" title=\"12:36 PM\" class=\"data-link\" rel=\"bookmark\"><time class=\"entry-date updated\" datetime=\"2024-07-24T12:36:15+00:00\">Wednesday July 24th, 2024<\/time><\/a><\/div>\n\t<div class=\"entry-excerpt\"><p>Pogledajte trenutke zabave i i osvje\u017eenja iz na\u0161eg aquaparka za uspje\u0161an po\u010detak jo\u0161 jednog tjedna. U\u017eivajte u videu i ovotjednim aktivnostima na vanjskom prostoru.<\/p>\n<\/div>\n\t\n<a href=\"https:\/\/vrtici-maza.hr\/en\/ljeto-u-mazi\/\" class=\"post-details details-type-link\" aria-label=\"Read more about Ljeto u Mazi\">Saznajte vi\u0161e<i class=\"dt-icon-the7-arrow-03\" aria-hidden=\"true\"><\/i><\/a>\n\n<\/div><\/article><article class=\"post project-odd visible post-3233 type-post status-publish format-standard has-post-thumbnail hentry category-blog category-12 description-off\" data-name=\"U priprema za do\u010deg svetog Nikole&#8230;\" data-date=\"2023-12-18T15:09:08+00:00\">\n\n<div class=\"post-thumbnail-wrap\">\n\t<div class=\"post-thumbnail\">\n\n\t\t\n\t\t\n\t\t<a href=\"https:\/\/vrtici-maza.hr\/en\/u-priprema-za-doceg-svetog-nikole\/\" class=\"post-thumbnail-rollover layzr-bg layzr-bg\" ><img decoding=\"async\" class=\"blog-thumb-lazy-load preload-me lazy-load aspect\" src=\"data:image\/svg+xml,%3Csvg%20xmlns%3D&#39;http%3A%2F%2Fwww.w3.org%2F2000%2Fsvg&#39;%20viewBox%3D&#39;0%200%20768%20576&#39;%2F%3E\" data-src=\"https:\/\/vrtici-maza.hr\/wp-content\/uploads\/2023\/12\/sveti-nikola-u-Mazi-2-768x576.jpg\" data-srcset=\"https:\/\/vrtici-maza.hr\/wp-content\/uploads\/2023\/12\/sveti-nikola-u-Mazi-2-768x576.jpg 768w, https:\/\/vrtici-maza.hr\/wp-content\/uploads\/2023\/12\/sveti-nikola-u-Mazi-2-1306x979.jpg 1306w\" loading=\"eager\" style=\"--ratio: 768 \/ 576\" sizes=\"(max-width: 768px) 100vw, 768px\" alt=\"Dje\u010dji vrti\u0107 Maza Vi\u0161kovo\" title=\"sveti-nikola-u-Mazi-2\" width=\"768\" height=\"576\"  \/><\/a>\n\t<\/div>\n<\/div>\n\n\n<div class=\"post-entry-content\">\n\n\t<h3 class=\"entry-title\">\n\t\t<a href=\"https:\/\/vrtici-maza.hr\/en\/u-priprema-za-doceg-svetog-nikole\/\" title=\"U priprema za do\u010deg svetog Nikole&#8230;\" rel=\"bookmark\">U priprema za do\u010deg svetog Nikole&#8230;<\/a>\n\t<\/h3>\n\n\t<div class=\"entry-meta\"><a href=\"https:\/\/vrtici-maza.hr\/en\/2023\/12\/18\/\" title=\"03:09 PM\" class=\"data-link\" rel=\"bookmark\"><time class=\"entry-date updated\" datetime=\"2023-12-18T15:09:08+00:00\">Monday December 18th, 2023<\/time><\/a><\/div>\n\t<div class=\"entry-excerpt\"><p>Svako je dijete dje\u010djeg vrti\u0107a Maza izabralo posebnu \u010dizmicu\/cipelicu, neki \u010dak i ekstra zaprljanu, te ju donijeli u vrti\u0107u kako bi ju o\u010distili, uredili, izglancali te stavili na na\u0161 prozor\u010di\u0107 u nadi da \u0107e nas sveti Nikola iznenaditi i ostaviti neku sitnicu.<\/p>\n<\/div>\n\t\n<a href=\"https:\/\/vrtici-maza.hr\/en\/u-priprema-za-doceg-svetog-nikole\/\" class=\"post-details details-type-link\" aria-label=\"Read more about U priprema za do\u010deg svetog Nikole&#8230;\">Saznajte vi\u0161e<i class=\"dt-icon-the7-arrow-03\" aria-hidden=\"true\"><\/i><\/a>\n\n<\/div><\/article><article class=\"post project-odd visible post-3223 type-post status-publish format-standard has-post-thumbnail hentry category-blog category-12 description-off\" data-name=\"Odlazak u Gradsko kazali\u0161te lutaka\" data-date=\"2023-12-18T14:53:36+00:00\">\n\n<div class=\"post-thumbnail-wrap\">\n\t<div class=\"post-thumbnail\">\n\n\t\t\n\t\t\n\t\t<a href=\"https:\/\/vrtici-maza.hr\/en\/odlazak-u-gradsko-kazaliste-lutaka\/\" class=\"post-thumbnail-rollover layzr-bg layzr-bg\" ><img decoding=\"async\" class=\"blog-thumb-lazy-load preload-me lazy-load aspect\" src=\"data:image\/svg+xml,%3Csvg%20xmlns%3D&#39;http%3A%2F%2Fwww.w3.org%2F2000%2Fsvg&#39;%20viewBox%3D&#39;0%200%20768%20576&#39;%2F%3E\" data-src=\"https:\/\/vrtici-maza.hr\/wp-content\/uploads\/2023\/12\/Odlazak-u-Gradsko-kazaliste-lutaka-2-768x576.jpg\" data-srcset=\"https:\/\/vrtici-maza.hr\/wp-content\/uploads\/2023\/12\/Odlazak-u-Gradsko-kazaliste-lutaka-2-768x576.jpg 768w, https:\/\/vrtici-maza.hr\/wp-content\/uploads\/2023\/12\/Odlazak-u-Gradsko-kazaliste-lutaka-2-1306x979.jpg 1306w\" loading=\"eager\" style=\"--ratio: 768 \/ 576\" sizes=\"(max-width: 768px) 100vw, 768px\" alt=\"\" title=\"Odlazak u Gradsko kazali\u0161te lutaka -2\" width=\"768\" height=\"576\"  \/><\/a>\n\t<\/div>\n<\/div>\n\n\n<div class=\"post-entry-content\">\n\n\t<h3 class=\"entry-title\">\n\t\t<a href=\"https:\/\/vrtici-maza.hr\/en\/odlazak-u-gradsko-kazaliste-lutaka\/\" title=\"Odlazak u Gradsko kazali\u0161te lutaka\" rel=\"bookmark\">Odlazak u Gradsko kazali\u0161te lutaka<\/a>\n\t<\/h3>\n\n\t<div class=\"entry-meta\"><a href=\"https:\/\/vrtici-maza.hr\/en\/2023\/12\/18\/\" title=\"02:53 PM\" class=\"data-link\" rel=\"bookmark\"><time class=\"entry-date updated\" datetime=\"2023-12-18T14:53:36+00:00\">Monday December 18th, 2023<\/time><\/a><\/div>\n\t<div class=\"entry-excerpt\"><p>U \u010detvrtak 30.11. bili smo u posjetu Gradskom kazali\u0161tu lutaka na predstavi &#8220;Snjeguljica&#8221;. Ovog puta odlu\u010dili smo sa sobom povesti i mla\u0111u skupinu \u0161to zna\u010di da ide cijeli Vrti\u0107 zajedno.<\/p>\n<\/div>\n\t\n<a href=\"https:\/\/vrtici-maza.hr\/en\/odlazak-u-gradsko-kazaliste-lutaka\/\" class=\"post-details details-type-link\" aria-label=\"Read more about Odlazak u Gradsko kazali\u0161te lutaka\">Saznajte vi\u0161e<i class=\"dt-icon-the7-arrow-03\" aria-hidden=\"true\"><\/i><\/a>\n\n<\/div><\/article><article class=\"post project-odd visible post-3203 type-post status-publish format-standard has-post-thumbnail hentry category-blog category-12 description-off\" data-name=\"Dan sje\u0107anja na \u017ertve Domovinskog rata\" data-date=\"2023-12-18T14:42:57+00:00\">\n\n<div class=\"post-thumbnail-wrap\">\n\t<div class=\"post-thumbnail\">\n\n\t\t\n\t\t\n\t\t<a href=\"https:\/\/vrtici-maza.hr\/en\/dan-sjecanja-na-zrtve-domovinskog-rata\/\" class=\"post-thumbnail-rollover layzr-bg layzr-bg\" ><img decoding=\"async\" class=\"blog-thumb-lazy-load preload-me lazy-load aspect\" src=\"data:image\/svg+xml,%3Csvg%20xmlns%3D&#39;http%3A%2F%2Fwww.w3.org%2F2000%2Fsvg&#39;%20viewBox%3D&#39;0%200%20768%20576&#39;%2F%3E\" data-src=\"https:\/\/vrtici-maza.hr\/wp-content\/uploads\/2023\/12\/Dan-sjecanja-na-zrtve-Domovinskog-rata-16-768x576.jpg\" data-srcset=\"https:\/\/vrtici-maza.hr\/wp-content\/uploads\/2023\/12\/Dan-sjecanja-na-zrtve-Domovinskog-rata-16-768x576.jpg 768w, https:\/\/vrtici-maza.hr\/wp-content\/uploads\/2023\/12\/Dan-sjecanja-na-zrtve-Domovinskog-rata-16-1200x899.jpg 1200w\" loading=\"eager\" style=\"--ratio: 768 \/ 576\" sizes=\"(max-width: 768px) 100vw, 768px\" alt=\"\" title=\"Dan sje\u0107anja na \u017ertve Domovinskog rata-16\" width=\"768\" height=\"576\"  \/><\/a>\n\t<\/div>\n<\/div>\n\n\n<div class=\"post-entry-content\">\n\n\t<h3 class=\"entry-title\">\n\t\t<a href=\"https:\/\/vrtici-maza.hr\/en\/dan-sjecanja-na-zrtve-domovinskog-rata\/\" title=\"Dan sje\u0107anja na \u017ertve Domovinskog rata\" rel=\"bookmark\">Dan sje\u0107anja na \u017ertve Domovinskog rata<\/a>\n\t<\/h3>\n\n\t<div class=\"entry-meta\"><a href=\"https:\/\/vrtici-maza.hr\/en\/2023\/12\/18\/\" title=\"02:42 PM\" class=\"data-link\" rel=\"bookmark\"><time class=\"entry-date updated\" datetime=\"2023-12-18T14:42:57+00:00\">Monday December 18th, 2023<\/time><\/a><\/div>\n\t<div class=\"entry-excerpt\"><p>Povodom obilje\u017eavanja Dana sje\u0107anja na \u017ertve Domovinskog rata, na\u0161a vrijedna djeca kroz likovno izra\u017eavanje odala su po\u010dast gradu heroja i njihovim \u017ertvama. Isto smo u\u010dinili jutros zajedno s roditeljima pale\u0107i svije\u0107e u \u010dast svih heroja Republike Hrvatske. \u2764\ufe0f<\/p>\n<\/div>\n\t\n<a href=\"https:\/\/vrtici-maza.hr\/en\/dan-sjecanja-na-zrtve-domovinskog-rata\/\" class=\"post-details details-type-link\" aria-label=\"Read more about Dan sje\u0107anja na \u017ertve Domovinskog rata\">Saznajte vi\u0161e<i class=\"dt-icon-the7-arrow-03\" aria-hidden=\"true\"><\/i><\/a>\n\n<\/div><\/article><article class=\"post project-odd visible post-3190 type-post status-publish format-standard has-post-thumbnail hentry category-blog category-12 description-off\" data-name=\"\u0160to smo sve radili povodom DANA KRAVATA?\" data-date=\"2023-10-18T14:21:32+00:00\">\n\n<div class=\"post-thumbnail-wrap\">\n\t<div class=\"post-thumbnail\">\n\n\t\t\n\t\t\n\t\t<a href=\"https:\/\/vrtici-maza.hr\/en\/sto-smo-sve-radili-povodom-dana-kravata\/\" class=\"post-thumbnail-rollover layzr-bg layzr-bg\" ><img decoding=\"async\" class=\"blog-thumb-lazy-load preload-me lazy-load aspect\" src=\"data:image\/svg+xml,%3Csvg%20xmlns%3D&#39;http%3A%2F%2Fwww.w3.org%2F2000%2Fsvg&#39;%20viewBox%3D&#39;0%200%20768%20576&#39;%2F%3E\" data-src=\"https:\/\/vrtici-maza.hr\/wp-content\/uploads\/2023\/12\/dan-kravate-djecji-vrtic-maza-11-768x576.jpg\" data-srcset=\"https:\/\/vrtici-maza.hr\/wp-content\/uploads\/2023\/12\/dan-kravate-djecji-vrtic-maza-11-768x576.jpg 768w, https:\/\/vrtici-maza.hr\/wp-content\/uploads\/2023\/12\/dan-kravate-djecji-vrtic-maza-11-1200x899.jpg 1200w\" loading=\"eager\" style=\"--ratio: 768 \/ 576\" sizes=\"(max-width: 768px) 100vw, 768px\" alt=\"\" title=\"dan-kravate-dje\u010dji-vrti\u0107-maza-11\" width=\"768\" height=\"576\"  \/><\/a>\n\t<\/div>\n<\/div>\n\n\n<div class=\"post-entry-content\">\n\n\t<h3 class=\"entry-title\">\n\t\t<a href=\"https:\/\/vrtici-maza.hr\/en\/sto-smo-sve-radili-povodom-dana-kravata\/\" title=\"\u0160to smo sve radili povodom DANA KRAVATA?\" rel=\"bookmark\">\u0160to smo sve radili povodom DANA KRAVATA?<\/a>\n\t<\/h3>\n\n\t<div class=\"entry-meta\"><a href=\"https:\/\/vrtici-maza.hr\/en\/2023\/10\/18\/\" title=\"02:21 PM\" class=\"data-link\" rel=\"bookmark\"><time class=\"entry-date updated\" datetime=\"2023-10-18T14:21:32+00:00\">Wednesday October 18th, 2023<\/time><\/a><\/div>\n\t<div class=\"entry-excerpt\"><p>Dragi roditelji, u nastavku \u0161aljemo slike \u0161to smo sve radili danas povodom DANA KRAVATA!<\/p>\n<\/div>\n\t\n<a href=\"https:\/\/vrtici-maza.hr\/en\/sto-smo-sve-radili-povodom-dana-kravata\/\" class=\"post-details details-type-link\" aria-label=\"Read more about \u0160to smo sve radili povodom DANA KRAVATA?\">Saznajte vi\u0161e<i class=\"dt-icon-the7-arrow-03\" aria-hidden=\"true\"><\/i><\/a>\n\n<\/div><\/article><article class=\"post project-odd visible post-3183 type-post status-publish format-standard has-post-thumbnail hentry category-blog category-12 description-off\" data-name=\"Posjet azilu\" data-date=\"2023-10-17T14:13:35+00:00\">\n\n<div class=\"post-thumbnail-wrap\">\n\t<div class=\"post-thumbnail\">\n\n\t\t\n\t\t\n\t\t<a href=\"https:\/\/vrtici-maza.hr\/en\/posjet-azilu\/\" class=\"post-thumbnail-rollover layzr-bg layzr-bg\" ><img decoding=\"async\" class=\"blog-thumb-lazy-load preload-me lazy-load aspect\" src=\"data:image\/svg+xml,%3Csvg%20xmlns%3D&#39;http%3A%2F%2Fwww.w3.org%2F2000%2Fsvg&#39;%20viewBox%3D&#39;0%200%20768%20576&#39;%2F%3E\" data-src=\"https:\/\/vrtici-maza.hr\/wp-content\/uploads\/2023\/12\/posjet-azilu-djecji-vrtic-Maza-2-768x576.jpg\" data-srcset=\"https:\/\/vrtici-maza.hr\/wp-content\/uploads\/2023\/12\/posjet-azilu-djecji-vrtic-Maza-2-768x576.jpg 768w, https:\/\/vrtici-maza.hr\/wp-content\/uploads\/2023\/12\/posjet-azilu-djecji-vrtic-Maza-2-1280x959.jpg 1280w\" loading=\"eager\" style=\"--ratio: 768 \/ 576\" sizes=\"(max-width: 768px) 100vw, 768px\" alt=\"\" title=\"posjet azilu &#8211; dje\u010dji vrti\u0107 Maza &#8211; 2\" width=\"768\" height=\"576\"  \/><\/a>\n\t<\/div>\n<\/div>\n\n\n<div class=\"post-entry-content\">\n\n\t<h3 class=\"entry-title\">\n\t\t<a href=\"https:\/\/vrtici-maza.hr\/en\/posjet-azilu\/\" title=\"Posjet azilu\" rel=\"bookmark\">Posjet azilu<\/a>\n\t<\/h3>\n\n\t<div class=\"entry-meta\"><a href=\"https:\/\/vrtici-maza.hr\/en\/2023\/10\/17\/\" title=\"02:13 PM\" class=\"data-link\" rel=\"bookmark\"><time class=\"entry-date updated\" datetime=\"2023-10-17T14:13:35+00:00\">Tuesday October 17th, 2023<\/time><\/a><\/div>\n\t<div class=\"entry-excerpt\"><p>Pogledajte na\u0161 posjet Azilu kojem smo odnijeli sve na\u0161e prikupljene donacije i razveselili volontere na\u0161im velikim srcem, a pogotovo psi\u0107e kojima smo osigurali hranu i tople dekice za ovo pravo jesensko vrijeme koje nam je do\u0161lo.<\/p>\n<\/div>\n\t\n<a href=\"https:\/\/vrtici-maza.hr\/en\/posjet-azilu\/\" class=\"post-details details-type-link\" aria-label=\"Read more about Posjet azilu\">Saznajte vi\u0161e<i class=\"dt-icon-the7-arrow-03\" aria-hidden=\"true\"><\/i><\/a>\n\n<\/div><\/article><article class=\"post project-odd visible post-3141 type-post status-publish format-standard has-post-thumbnail hentry category-blog category-12 description-off\" data-name=\"Pri\u010da o jeseni i Danima kruha\" data-date=\"2023-10-13T13:48:52+00:00\">\n\n<div class=\"post-thumbnail-wrap\">\n\t<div class=\"post-thumbnail\">\n\n\t\t\n\t\t\n\t\t<a href=\"https:\/\/vrtici-maza.hr\/en\/prica-o-jeseni-i-danima-kruha\/\" class=\"post-thumbnail-rollover layzr-bg layzr-bg\" ><img decoding=\"async\" class=\"blog-thumb-lazy-load preload-me lazy-load aspect\" src=\"data:image\/svg+xml,%3Csvg%20xmlns%3D&#39;http%3A%2F%2Fwww.w3.org%2F2000%2Fsvg&#39;%20viewBox%3D&#39;0%200%20768%20576&#39;%2F%3E\" data-src=\"https:\/\/vrtici-maza.hr\/wp-content\/uploads\/2023\/12\/0-02-05-08caf948e1e975c4ddbd19675ca16b8e792e5b9990d7ad81ff0ea20dd5931d65_1c6db752b5dc8c-768x576.jpg\" data-srcset=\"https:\/\/vrtici-maza.hr\/wp-content\/uploads\/2023\/12\/0-02-05-08caf948e1e975c4ddbd19675ca16b8e792e5b9990d7ad81ff0ea20dd5931d65_1c6db752b5dc8c-768x576.jpg 768w, https:\/\/vrtici-maza.hr\/wp-content\/uploads\/2023\/12\/0-02-05-08caf948e1e975c4ddbd19675ca16b8e792e5b9990d7ad81ff0ea20dd5931d65_1c6db752b5dc8c-1200x899.jpg 1200w\" loading=\"eager\" style=\"--ratio: 768 \/ 576\" sizes=\"(max-width: 768px) 100vw, 768px\" alt=\"\" title=\"0-02-05-08caf948e1e975c4ddbd19675ca16b8e792e5b9990d7ad81ff0ea20dd5931d65_1c6db752b5dc8c\" width=\"768\" height=\"576\"  \/><\/a>\n\t<\/div>\n<\/div>\n\n\n<div class=\"post-entry-content\">\n\n\t<h3 class=\"entry-title\">\n\t\t<a href=\"https:\/\/vrtici-maza.hr\/en\/prica-o-jeseni-i-danima-kruha\/\" title=\"Pri\u010da o jeseni i Danima kruha\" rel=\"bookmark\">Pri\u010da o jeseni i Danima kruha<\/a>\n\t<\/h3>\n\n\t<div class=\"entry-meta\"><a href=\"https:\/\/vrtici-maza.hr\/en\/2023\/10\/13\/\" title=\"01:48 PM\" class=\"data-link\" rel=\"bookmark\"><time class=\"entry-date updated\" datetime=\"2023-10-13T13:48:52+00:00\">Friday October 13th, 2023<\/time><\/a><\/div>\n\t<div class=\"entry-excerpt\"><p>Po najavi ovaj tjedan obilje\u017eavamo jesensku sve\u010danost u dvori\u0161tu na\u0161eg vrti\u0107a. Isprobavali smo razli\u010dite vrste hrane i prepoznavali namirnice. Cjelokupnim programom cilj nam je bio potaknuti i oja\u010dati na\u0161e zajedni\u0161tvo te stvoriti veselu atmosferu u cijeloj Mazi. Pri\u010du o jeseni i Danima kruha pogledajte u nastavku.<\/p>\n<\/div>\n\t\n<a href=\"https:\/\/vrtici-maza.hr\/en\/prica-o-jeseni-i-danima-kruha\/\" class=\"post-details details-type-link\" aria-label=\"Read more about Pri\u010da o jeseni i Danima kruha\">Saznajte vi\u0161e<i class=\"dt-icon-the7-arrow-03\" aria-hidden=\"true\"><\/i><\/a>\n\n<\/div><\/article><article class=\"post project-odd visible post-3121 type-post status-publish format-standard has-post-thumbnail hentry category-blog category-12 description-off\" data-name=\"Fashion day by Maza &#8211; kolekcija jesen\/zima\" data-date=\"2023-10-06T09:20:12+00:00\">\n\n<div class=\"post-thumbnail-wrap\">\n\t<div class=\"post-thumbnail\">\n\n\t\t\n\t\t\n\t\t<a href=\"https:\/\/vrtici-maza.hr\/en\/fashion-day-by-maza-kolekcija-jesen-zima\/\" class=\"post-thumbnail-rollover layzr-bg layzr-bg\" ><img decoding=\"async\" class=\"blog-thumb-lazy-load preload-me lazy-load aspect\" src=\"data:image\/svg+xml,%3Csvg%20xmlns%3D&#39;http%3A%2F%2Fwww.w3.org%2F2000%2Fsvg&#39;%20viewBox%3D&#39;0%200%20768%20576&#39;%2F%3E\" data-src=\"https:\/\/vrtici-maza.hr\/wp-content\/uploads\/2023\/10\/posvecenost-djeci-1-768x576.jpg\" data-srcset=\"https:\/\/vrtici-maza.hr\/wp-content\/uploads\/2023\/10\/posvecenost-djeci-1-768x576.jpg 768w, https:\/\/vrtici-maza.hr\/wp-content\/uploads\/2023\/10\/posvecenost-djeci-1-1306x979.jpg 1306w\" loading=\"eager\" style=\"--ratio: 768 \/ 576\" sizes=\"(max-width: 768px) 100vw, 768px\" alt=\"posve\u0107enost-djeci\"  width=\"768\" height=\"576\"  \/><\/a>\n\t<\/div>\n<\/div>\n\n\n<div class=\"post-entry-content\">\n\n\t<h3 class=\"entry-title\">\n\t\t<a href=\"https:\/\/vrtici-maza.hr\/en\/fashion-day-by-maza-kolekcija-jesen-zima\/\" title=\"Fashion day by Maza &#8211; kolekcija jesen\/zima\" rel=\"bookmark\">Fashion day by Maza &#8211; kolekcija jesen\/zima<\/a>\n\t<\/h3>\n\n\t<div class=\"entry-meta\"><a href=\"https:\/\/vrtici-maza.hr\/en\/2023\/10\/06\/\" title=\"09:20 AM\" class=\"data-link\" rel=\"bookmark\"><time class=\"entry-date updated\" datetime=\"2023-10-06T09:20:12+00:00\">Friday October  6th, 2023<\/time><\/a><\/div>\n\t<div class=\"entry-excerpt\"><p>Iiiiiiiiii za kraj tjedna predstavljamo Fashion day by Maza, kolekcija jesen\/zima.\ud83e\udde5\ud83e\udde2\ud83d\udc57\ud83d\udc60 Svaka kreacija je pomno i kreativno osmi\u0161ljena, a manekeni i manekenke ponosno su nosili kolekciju i upijali nove ideje za modne kombinacije \ud83d\ude05\ud83d\ude0e<\/p>\n<\/div>\n\t\n<a href=\"https:\/\/vrtici-maza.hr\/en\/fashion-day-by-maza-kolekcija-jesen-zima\/\" class=\"post-details details-type-link\" aria-label=\"Read more about Fashion day by Maza &#8211; kolekcija jesen\/zima\">Saznajte vi\u0161e<i class=\"dt-icon-the7-arrow-03\" aria-hidden=\"true\"><\/i><\/a>\n\n<\/div><\/article><article class=\"post project-odd visible post-3103 type-post status-publish format-standard has-post-thumbnail hentry category-blog category-12 description-off\" data-name=\"Poruka tjedna: Budimo sretni!\" data-date=\"2023-10-03T11:01:28+00:00\">\n\n<div class=\"post-thumbnail-wrap\">\n\t<div class=\"post-thumbnail\">\n\n\t\t\n\t\t\n\t\t<a href=\"https:\/\/vrtici-maza.hr\/en\/poruka-tjedna-budimo-sretni\/\" class=\"post-thumbnail-rollover layzr-bg layzr-bg\" ><img decoding=\"async\" class=\"blog-thumb-lazy-load preload-me lazy-load aspect\" src=\"data:image\/svg+xml,%3Csvg%20xmlns%3D&#39;http%3A%2F%2Fwww.w3.org%2F2000%2Fsvg&#39;%20viewBox%3D&#39;0%200%20768%20576&#39;%2F%3E\" data-src=\"https:\/\/vrtici-maza.hr\/wp-content\/uploads\/2023\/10\/sretno-dijete-10-768x576.jpg\" data-srcset=\"https:\/\/vrtici-maza.hr\/wp-content\/uploads\/2023\/10\/sretno-dijete-10-768x576.jpg 768w, https:\/\/vrtici-maza.hr\/wp-content\/uploads\/2023\/10\/sretno-dijete-10-1200x899.jpg 1200w\" loading=\"eager\" style=\"--ratio: 768 \/ 576\" sizes=\"(max-width: 768px) 100vw, 768px\" alt=\"djeca u vrti\u0107u\" title=\"sretno-dijete-10\" width=\"768\" height=\"576\"  \/><\/a>\n\t<\/div>\n<\/div>\n\n\n<div class=\"post-entry-content\">\n\n\t<h3 class=\"entry-title\">\n\t\t<a href=\"https:\/\/vrtici-maza.hr\/en\/poruka-tjedna-budimo-sretni\/\" title=\"Poruka tjedna: Budimo sretni!\" rel=\"bookmark\">Poruka tjedna: Budimo sretni!<\/a>\n\t<\/h3>\n\n\t<div class=\"entry-meta\"><a href=\"https:\/\/vrtici-maza.hr\/en\/2023\/10\/03\/\" title=\"11:01 AM\" class=\"data-link\" rel=\"bookmark\"><time class=\"entry-date updated\" datetime=\"2023-10-03T11:01:28+00:00\">Tuesday October  3rd, 2023<\/time><\/a><\/div>\n\t<div class=\"entry-excerpt\"><p>Ovaj tjedan se, uz ve\u0107 navedeni Svjetski dan za\u0161tite \u017eivotinja, obilje\u017eava i Dje\u010dji tjedan koji smo posvetili upravo onima za koje smo tu, od kojih rastemo i u\u010dimo &#8211; djeci. Grlite, ljubite, aktivno slu\u0161ajte i dajte im svoje vrijeme. \u2764\ufe0f<\/p>\n<\/div>\n\t\n<a href=\"https:\/\/vrtici-maza.hr\/en\/poruka-tjedna-budimo-sretni\/\" class=\"post-details details-type-link\" aria-label=\"Read more about Poruka tjedna: Budimo sretni!\">Saznajte vi\u0161e<i class=\"dt-icon-the7-arrow-03\" aria-hidden=\"true\"><\/i><\/a>\n\n<\/div><\/article><article class=\"post project-odd visible post-3075 type-post status-publish format-standard has-post-thumbnail hentry category-blog category-12 description-off\" data-name=\"Prvi ovogodi\u0161nji izlet u Kamp Omi\u0161alj\" data-date=\"2023-09-16T10:55:44+00:00\">\n\n<div class=\"post-thumbnail-wrap\">\n\t<div class=\"post-thumbnail\">\n\n\t\t\n\t\t\n\t\t<a href=\"https:\/\/vrtici-maza.hr\/en\/prvi-ovogodisnji-izlet-u-kamp-omisalj\/\" class=\"post-thumbnail-rollover layzr-bg layzr-bg\" ><img decoding=\"async\" class=\"blog-thumb-lazy-load preload-me lazy-load aspect\" src=\"data:image\/svg+xml,%3Csvg%20xmlns%3D&#39;http%3A%2F%2Fwww.w3.org%2F2000%2Fsvg&#39;%20viewBox%3D&#39;0%200%20768%20576&#39;%2F%3E\" data-src=\"https:\/\/vrtici-maza.hr\/wp-content\/uploads\/2023\/10\/djecji-vrtic-izlet-7-768x576.jpg\" data-srcset=\"https:\/\/vrtici-maza.hr\/wp-content\/uploads\/2023\/10\/djecji-vrtic-izlet-7-768x576.jpg 768w, https:\/\/vrtici-maza.hr\/wp-content\/uploads\/2023\/10\/djecji-vrtic-izlet-7-1306x979.jpg 1306w\" loading=\"eager\" style=\"--ratio: 768 \/ 576\" sizes=\"(max-width: 768px) 100vw, 768px\" alt=\"Dje\u010dji vrti\u0107 Maza Vi\u0161kovo\" title=\"djecji-vrtic-izlet-7\" width=\"768\" height=\"576\"  \/><\/a>\n\t<\/div>\n<\/div>\n\n\n<div class=\"post-entry-content\">\n\n\t<h3 class=\"entry-title\">\n\t\t<a href=\"https:\/\/vrtici-maza.hr\/en\/prvi-ovogodisnji-izlet-u-kamp-omisalj\/\" title=\"Prvi ovogodi\u0161nji izlet u Kamp Omi\u0161alj\" rel=\"bookmark\">Prvi ovogodi\u0161nji izlet u Kamp Omi\u0161alj<\/a>\n\t<\/h3>\n\n\t<div class=\"entry-meta\"><a href=\"https:\/\/vrtici-maza.hr\/en\/2023\/09\/16\/\" title=\"10:55 AM\" class=\"data-link\" rel=\"bookmark\"><time class=\"entry-date updated\" datetime=\"2023-09-16T10:55:44+00:00\">Saturday September 16th, 2023<\/time><\/a><\/div>\n\t<div class=\"entry-excerpt\"><p>S obzirom da nas prati izuzetno lijepo vrijeme odlu\u010dili smo iskoristiti ove prekrasne dane te organizirali prvi ovogodi\u0161nji izlet za na\u0161e Starse. Obi\u0161li smo KAMP OMI\u0160ALJ u sklopu kojeg se nalazi farma, a ove godine glavni cilj nam je bio upoznati \u017eivotinjski svijet i aktivnosti su bile usmjerene ka toj temi.<\/p>\n<\/div>\n\t\n<a href=\"https:\/\/vrtici-maza.hr\/en\/prvi-ovogodisnji-izlet-u-kamp-omisalj\/\" class=\"post-details details-type-link\" aria-label=\"Read more about Prvi ovogodi\u0161nji izlet u Kamp Omi\u0161alj\">Saznajte vi\u0161e<i class=\"dt-icon-the7-arrow-03\" aria-hidden=\"true\"><\/i><\/a>\n\n<\/div><\/article><article class=\"post project-odd visible post-3057 type-post status-publish format-standard has-post-thumbnail hentry category-blog category-12 description-off\" data-name=\"Hrvatski olimpijski dan\" data-date=\"2023-09-10T16:27:06+00:00\">\n\n<div class=\"post-thumbnail-wrap\">\n\t<div class=\"post-thumbnail\">\n\n\t\t\n\t\t\n\t\t<a href=\"https:\/\/vrtici-maza.hr\/en\/hrvatski-olimpijski-dan\/\" class=\"post-thumbnail-rollover layzr-bg layzr-bg\" ><img decoding=\"async\" class=\"blog-thumb-lazy-load preload-me lazy-load aspect\" src=\"data:image\/svg+xml,%3Csvg%20xmlns%3D&#39;http%3A%2F%2Fwww.w3.org%2F2000%2Fsvg&#39;%20viewBox%3D&#39;0%200%20768%20576&#39;%2F%3E\" data-src=\"https:\/\/vrtici-maza.hr\/wp-content\/uploads\/2023\/10\/hrvatski-olimpijski-dan-u-vrticu-6-768x576.jpg\" data-srcset=\"https:\/\/vrtici-maza.hr\/wp-content\/uploads\/2023\/10\/hrvatski-olimpijski-dan-u-vrticu-6-768x576.jpg 768w, https:\/\/vrtici-maza.hr\/wp-content\/uploads\/2023\/10\/hrvatski-olimpijski-dan-u-vrticu-6-1306x979.jpg 1306w\" loading=\"eager\" style=\"--ratio: 768 \/ 576\" sizes=\"(max-width: 768px) 100vw, 768px\" alt=\"Dje\u010dji vrti\u0107 Maza\" title=\"hrvatski-olimpijski-dan-u-vrticu-6\" width=\"768\" height=\"576\"  \/><\/a>\n\t<\/div>\n<\/div>\n\n\n<div class=\"post-entry-content\">\n\n\t<h3 class=\"entry-title\">\n\t\t<a href=\"https:\/\/vrtici-maza.hr\/en\/hrvatski-olimpijski-dan\/\" title=\"Hrvatski olimpijski dan\" rel=\"bookmark\">Hrvatski olimpijski dan<\/a>\n\t<\/h3>\n\n\t<div class=\"entry-meta\"><a href=\"https:\/\/vrtici-maza.hr\/en\/2023\/09\/10\/\" title=\"04:27 PM\" class=\"data-link\" rel=\"bookmark\"><time class=\"entry-date updated\" datetime=\"2023-09-10T16:27:06+00:00\">Sunday September 10th, 2023<\/time><\/a><\/div>\n\t<div class=\"entry-excerpt\"><p>U nedjelju, 10.9. bio je HRVATSKI OLIMPIJSKI DAN pa smo taj dan zapravo produ\u017eili na cijeli tjedan. U zdravom tijelu zdrav duh, to svi znamo i djelovali smo u skladu s tom izrekom te postali pravi olimpijci pune snage.<\/p>\n<\/div>\n\t\n<a href=\"https:\/\/vrtici-maza.hr\/en\/hrvatski-olimpijski-dan\/\" class=\"post-details details-type-link\" aria-label=\"Read more about Hrvatski olimpijski dan\">Saznajte vi\u0161e<i class=\"dt-icon-the7-arrow-03\" aria-hidden=\"true\"><\/i><\/a>\n\n<\/div><\/article><article class=\"post project-odd visible post-3045 type-post status-publish format-standard has-post-thumbnail hentry category-blog category-12 description-off\" data-name=\"Dobrodo\u0161li u novu pedago\u0161ku godinu!\" data-date=\"2023-09-04T15:23:13+00:00\">\n\n<div class=\"post-thumbnail-wrap\">\n\t<div class=\"post-thumbnail\">\n\n\t\t\n\t\t\n\t\t<a href=\"https:\/\/vrtici-maza.hr\/en\/dobrodosli-u-novu-pedagosku-godinu\/\" class=\"post-thumbnail-rollover layzr-bg layzr-bg\" ><img decoding=\"async\" class=\"blog-thumb-lazy-load preload-me lazy-load aspect\" src=\"data:image\/svg+xml,%3Csvg%20xmlns%3D&#39;http%3A%2F%2Fwww.w3.org%2F2000%2Fsvg&#39;%20viewBox%3D&#39;0%200%20768%20576&#39;%2F%3E\" data-src=\"https:\/\/vrtici-maza.hr\/wp-content\/uploads\/2023\/10\/nova-pedagoska-godina-2-768x576.jpg\" data-srcset=\"https:\/\/vrtici-maza.hr\/wp-content\/uploads\/2023\/10\/nova-pedagoska-godina-2-768x576.jpg 768w, https:\/\/vrtici-maza.hr\/wp-content\/uploads\/2023\/10\/nova-pedagoska-godina-2-1200x899.jpg 1200w\" loading=\"eager\" style=\"--ratio: 768 \/ 576\" sizes=\"(max-width: 768px) 100vw, 768px\" alt=\"dje\u010dji vrti\u0107 na Vi\u0161kovu\" title=\"nova-pedagoska-godina-2\" width=\"768\" height=\"576\"  \/><\/a>\n\t<\/div>\n<\/div>\n\n\n<div class=\"post-entry-content\">\n\n\t<h3 class=\"entry-title\">\n\t\t<a href=\"https:\/\/vrtici-maza.hr\/en\/dobrodosli-u-novu-pedagosku-godinu\/\" title=\"Dobrodo\u0161li u novu pedago\u0161ku godinu!\" rel=\"bookmark\">Dobrodo\u0161li u novu pedago\u0161ku godinu!<\/a>\n\t<\/h3>\n\n\t<div class=\"entry-meta\"><a href=\"https:\/\/vrtici-maza.hr\/en\/2023\/09\/04\/\" title=\"03:23 PM\" class=\"data-link\" rel=\"bookmark\"><time class=\"entry-date updated\" datetime=\"2023-09-04T15:23:13+00:00\">Monday September  4th, 2023<\/time><\/a><\/div>\n\t<div class=\"entry-excerpt\"><p>Dobar dan dragi roditelji, dobrodo\u0161li u novu pedago\u0161ku godinu! \u0160aljemo velike pozdrave novim roditeljima sa \u017eeljom za ugodnom i otvorenom suradnjom. Polako se uhodavamo u vrti\u0107ku rutinu, oslu\u0161kujemo \u017eelje i o\u010dekivanja na\u0161ih pred\u0161kolaraca kako bi ova godina bila jo\u0161 uspje\u0161nija.<\/p>\n<\/div>\n\t\n<a href=\"https:\/\/vrtici-maza.hr\/en\/dobrodosli-u-novu-pedagosku-godinu\/\" class=\"post-details details-type-link\" aria-label=\"Read more about Dobrodo\u0161li u novu pedago\u0161ku godinu!\">Saznajte vi\u0161e<i class=\"dt-icon-the7-arrow-03\" aria-hidden=\"true\"><\/i><\/a>\n\n<\/div><\/article><article class=\"post project-odd visible post-3009 type-post status-publish format-standard has-post-thumbnail hentry category-blog category-12 description-off\" data-name=\"Ljeto u Mazi\" data-date=\"2023-07-16T10:48:28+00:00\">\n\n<div class=\"post-thumbnail-wrap\">\n\t<div class=\"post-thumbnail\">\n\n\t\t\n\t\t\n\t\t<a href=\"https:\/\/vrtici-maza.hr\/en\/ljeto-u-djecjem-vrticu-maza\/\" class=\"post-thumbnail-rollover layzr-bg layzr-bg\" ><img decoding=\"async\" class=\"blog-thumb-lazy-load preload-me lazy-load aspect\" src=\"data:image\/svg+xml,%3Csvg%20xmlns%3D&#39;http%3A%2F%2Fwww.w3.org%2F2000%2Fsvg&#39;%20viewBox%3D&#39;0%200%20768%20576&#39;%2F%3E\" data-src=\"https:\/\/vrtici-maza.hr\/wp-content\/uploads\/2023\/07\/ljeto-u-djecjem-vrticu-maza-768x576.jpg\" data-srcset=\"https:\/\/vrtici-maza.hr\/wp-content\/uploads\/2023\/07\/ljeto-u-djecjem-vrticu-maza-768x576.jpg 768w, https:\/\/vrtici-maza.hr\/wp-content\/uploads\/2023\/07\/ljeto-u-djecjem-vrticu-maza-1000x749.jpg 1000w\" loading=\"eager\" style=\"--ratio: 768 \/ 576\" sizes=\"(max-width: 768px) 100vw, 768px\" alt=\"\" title=\"ljeto-u-dje\u010djem-vrti\u0107u-maza\" width=\"768\" height=\"576\"  \/><\/a>\n\t<\/div>\n<\/div>\n\n\n<div class=\"post-entry-content\">\n\n\t<h3 class=\"entry-title\">\n\t\t<a href=\"https:\/\/vrtici-maza.hr\/en\/ljeto-u-djecjem-vrticu-maza\/\" title=\"Ljeto u Mazi\" rel=\"bookmark\">Ljeto u Mazi<\/a>\n\t<\/h3>\n\n\t<div class=\"entry-meta\"><a href=\"https:\/\/vrtici-maza.hr\/en\/2023\/07\/16\/\" title=\"10:48 AM\" class=\"data-link\" rel=\"bookmark\"><time class=\"entry-date updated\" datetime=\"2023-07-16T10:48:28+00:00\">Sunday July 16th, 2023<\/time><\/a><\/div>\n\t<div class=\"entry-excerpt\"><p>Napokon smo do\u010dekali i taj dan! Bazen je spremno \u010dekao na nas. Sre\u0107i i veselju nije bilo kraja, a to mo\u017eete vidjeti i po na\u0161im osmijesima. Odmah smo znali da je to znak da zabava mo\u017ee po\u010deti.<\/p>\n<\/div>\n\t\n<a href=\"https:\/\/vrtici-maza.hr\/en\/ljeto-u-djecjem-vrticu-maza\/\" class=\"post-details details-type-link\" aria-label=\"Read more about Ljeto u Mazi\">Saznajte vi\u0161e<i class=\"dt-icon-the7-arrow-03\" aria-hidden=\"true\"><\/i><\/a>\n\n<\/div><\/article><article class=\"post project-odd visible post-2987 type-post status-publish format-standard has-post-thumbnail hentry category-blog category-12 description-off\" data-name=\"Prvi koraci u prometu\" data-date=\"2023-06-15T09:41:59+00:00\">\n\n<div class=\"post-thumbnail-wrap\">\n\t<div class=\"post-thumbnail\">\n\n\t\t\n\t\t\n\t\t<a href=\"https:\/\/vrtici-maza.hr\/en\/prvi-koraci-u-prometu\/\" class=\"post-thumbnail-rollover layzr-bg layzr-bg\" ><img decoding=\"async\" class=\"blog-thumb-lazy-load preload-me lazy-load aspect\" src=\"data:image\/svg+xml,%3Csvg%20xmlns%3D&#39;http%3A%2F%2Fwww.w3.org%2F2000%2Fsvg&#39;%20viewBox%3D&#39;0%200%20768%20576&#39;%2F%3E\" data-src=\"https:\/\/vrtici-maza.hr\/wp-content\/uploads\/2023\/06\/djeca-u-prometu-1-768x576.jpg\" data-srcset=\"https:\/\/vrtici-maza.hr\/wp-content\/uploads\/2023\/06\/djeca-u-prometu-1-768x576.jpg 768w, https:\/\/vrtici-maza.hr\/wp-content\/uploads\/2023\/06\/djeca-u-prometu-1-1200x899.jpg 1200w\" loading=\"eager\" style=\"--ratio: 768 \/ 576\" sizes=\"(max-width: 768px) 100vw, 768px\" alt=\"\" title=\"djeca-u-prometu-1\" width=\"768\" height=\"576\"  \/><\/a>\n\t<\/div>\n<\/div>\n\n\n<div class=\"post-entry-content\">\n\n\t<h3 class=\"entry-title\">\n\t\t<a href=\"https:\/\/vrtici-maza.hr\/en\/prvi-koraci-u-prometu\/\" title=\"Prvi koraci u prometu\" rel=\"bookmark\">Prvi koraci u prometu<\/a>\n\t<\/h3>\n\n\t<div class=\"entry-meta\"><a href=\"https:\/\/vrtici-maza.hr\/en\/2023\/06\/15\/\" title=\"09:41 AM\" class=\"data-link\" rel=\"bookmark\"><time class=\"entry-date updated\" datetime=\"2023-06-15T09:41:59+00:00\">Thursday June 15th, 2023<\/time><\/a><\/div>\n\t<div class=\"entry-excerpt\"><p>U posjet paunovima krenuli smo uzbu\u0111eni i radosni, ali ne bi to bilo to da nismo imali zadatak: prou\u010davanje boja prirode koja nas okru\u017euje kako bismo kasnije bili uspje\u0161ni u rje\u0161avanju zadataka u pred\u0161koli.<\/p>\n<\/div>\n\t\n<a href=\"https:\/\/vrtici-maza.hr\/en\/prvi-koraci-u-prometu\/\" class=\"post-details details-type-link\" aria-label=\"Read more about Prvi koraci u prometu\">Saznajte vi\u0161e<i class=\"dt-icon-the7-arrow-03\" aria-hidden=\"true\"><\/i><\/a>\n\n<\/div><\/article><article class=\"post project-odd visible post-2977 type-post status-publish format-standard has-post-thumbnail hentry category-blog category-12 description-off\" data-name=\"Sretan Dan dr\u017eavnosti!\" data-date=\"2023-06-15T09:26:52+00:00\">\n\n<div class=\"post-thumbnail-wrap\">\n\t<div class=\"post-thumbnail\">\n\n\t\t\n\t\t\n\t\t<a href=\"https:\/\/vrtici-maza.hr\/en\/sretan-dan-drzavnosti\/\" class=\"post-thumbnail-rollover layzr-bg layzr-bg\" ><img decoding=\"async\" class=\"blog-thumb-lazy-load preload-me lazy-load aspect\" src=\"data:image\/svg+xml,%3Csvg%20xmlns%3D&#39;http%3A%2F%2Fwww.w3.org%2F2000%2Fsvg&#39;%20viewBox%3D&#39;0%200%20768%20576&#39;%2F%3E\" data-src=\"https:\/\/vrtici-maza.hr\/wp-content\/uploads\/2023\/06\/Dan-drzavnosti-u-vrticu-Maza-4-768x576.jpg\" data-srcset=\"https:\/\/vrtici-maza.hr\/wp-content\/uploads\/2023\/06\/Dan-drzavnosti-u-vrticu-Maza-4-768x576.jpg 768w, https:\/\/vrtici-maza.hr\/wp-content\/uploads\/2023\/06\/Dan-drzavnosti-u-vrticu-Maza-4-1306x979.jpg 1306w\" loading=\"eager\" style=\"--ratio: 768 \/ 576\" sizes=\"(max-width: 768px) 100vw, 768px\" alt=\"\" title=\"Dan drzavnosti u vrticu Maza &#8211; 4\" width=\"768\" height=\"576\"  \/><\/a>\n\t<\/div>\n<\/div>\n\n\n<div class=\"post-entry-content\">\n\n\t<h3 class=\"entry-title\">\n\t\t<a href=\"https:\/\/vrtici-maza.hr\/en\/sretan-dan-drzavnosti\/\" title=\"Sretan Dan dr\u017eavnosti!\" rel=\"bookmark\">Sretan Dan dr\u017eavnosti!<\/a>\n\t<\/h3>\n\n\t<div class=\"entry-meta\"><a href=\"https:\/\/vrtici-maza.hr\/en\/2023\/06\/15\/\" title=\"09:26 AM\" class=\"data-link\" rel=\"bookmark\"><time class=\"entry-date updated\" datetime=\"2023-06-15T09:26:52+00:00\">Thursday June 15th, 2023<\/time><\/a><\/div>\n\t<div class=\"entry-excerpt\"><p>U posjet paunovima krenuli smo uzbu\u0111eni i radosni, ali ne bi to bilo to da nismo imali zadatak: prou\u010davanje boja prirode koja nas okru\u017euje kako bismo kasnije bili uspje\u0161ni u rje\u0161avanju zadataka u pred\u0161koli.<\/p>\n<\/div>\n\t\n<a href=\"https:\/\/vrtici-maza.hr\/en\/sretan-dan-drzavnosti\/\" class=\"post-details details-type-link\" aria-label=\"Read more about Sretan Dan dr\u017eavnosti!\">Saznajte vi\u0161e<i class=\"dt-icon-the7-arrow-03\" aria-hidden=\"true\"><\/i><\/a>\n\n<\/div><\/article><article class=\"post project-odd visible post-2946 type-post status-publish format-standard has-post-thumbnail hentry category-blog category-12 description-off\" data-name=\"Drage mame, sretan vam Maj\u010din dan \ud83d\udc96\" data-date=\"2023-05-15T09:43:59+00:00\">\n\n<div class=\"post-thumbnail-wrap\">\n\t<div class=\"post-thumbnail\">\n\n\t\t\n\t\t\n\t\t<a href=\"https:\/\/vrtici-maza.hr\/en\/drage-mame-sretan-vam-majcin-dan\/\" class=\"post-thumbnail-rollover layzr-bg layzr-bg\" ><img decoding=\"async\" class=\"blog-thumb-lazy-load preload-me lazy-load aspect\" src=\"data:image\/svg+xml,%3Csvg%20xmlns%3D&#39;http%3A%2F%2Fwww.w3.org%2F2000%2Fsvg&#39;%20viewBox%3D&#39;0%200%20768%20576&#39;%2F%3E\" data-src=\"https:\/\/vrtici-maza.hr\/wp-content\/uploads\/2023\/05\/sretan-majcin-dan-7-768x576.jpg\" data-srcset=\"https:\/\/vrtici-maza.hr\/wp-content\/uploads\/2023\/05\/sretan-majcin-dan-7-768x576.jpg 768w, https:\/\/vrtici-maza.hr\/wp-content\/uploads\/2023\/05\/sretan-majcin-dan-7-1306x979.jpg 1306w\" loading=\"eager\" style=\"--ratio: 768 \/ 576\" sizes=\"(max-width: 768px) 100vw, 768px\" alt=\"Dje\u010dji vrti\u0107 Maza Vi\u0161kovo\" title=\"sretan-majcin-dan-7\" width=\"768\" height=\"576\"  \/><\/a>\n\t<\/div>\n<\/div>\n\n\n<div class=\"post-entry-content\">\n\n\t<h3 class=\"entry-title\">\n\t\t<a href=\"https:\/\/vrtici-maza.hr\/en\/drage-mame-sretan-vam-majcin-dan\/\" title=\"Drage mame, sretan vam Maj\u010din dan \ud83d\udc96\" rel=\"bookmark\">Drage mame, sretan vam Maj\u010din dan \ud83d\udc96<\/a>\n\t<\/h3>\n\n\t<div class=\"entry-meta\"><a href=\"https:\/\/vrtici-maza.hr\/en\/2023\/05\/15\/\" title=\"09:43 AM\" class=\"data-link\" rel=\"bookmark\"><time class=\"entry-date updated\" datetime=\"2023-05-15T09:43:59+00:00\">Monday May 15th, 2023<\/time><\/a><\/div>\n\t<div class=\"entry-excerpt\"><p>U posjet paunovima krenuli smo uzbu\u0111eni i radosni, ali ne bi to bilo to da nismo imali zadatak: prou\u010davanje boja prirode koja nas okru\u017euje kako bismo kasnije bili uspje\u0161ni u rje\u0161avanju zadataka u pred\u0161koli.<\/p>\n<\/div>\n\t\n<a href=\"https:\/\/vrtici-maza.hr\/en\/drage-mame-sretan-vam-majcin-dan\/\" class=\"post-details details-type-link\" aria-label=\"Read more about Drage mame, sretan vam Maj\u010din dan \ud83d\udc96\">Saznajte vi\u0161e<i class=\"dt-icon-the7-arrow-03\" aria-hidden=\"true\"><\/i><\/a>\n\n<\/div><\/article><article class=\"post project-odd visible post-2925 type-post status-publish format-standard has-post-thumbnail hentry category-blog category-12 description-off\" data-name=\"Treneri NK Rijeka u Mazi!\" data-date=\"2023-05-04T16:30:26+00:00\">\n\n<div class=\"post-thumbnail-wrap\">\n\t<div class=\"post-thumbnail\">\n\n\t\t\n\t\t\n\t\t<a href=\"https:\/\/vrtici-maza.hr\/en\/treneri-nk-rijeka-u-mazi\/\" class=\"post-thumbnail-rollover layzr-bg layzr-bg\" ><img decoding=\"async\" class=\"blog-thumb-lazy-load preload-me lazy-load aspect\" src=\"data:image\/svg+xml,%3Csvg%20xmlns%3D&#39;http%3A%2F%2Fwww.w3.org%2F2000%2Fsvg&#39;%20viewBox%3D&#39;0%200%20768%20576&#39;%2F%3E\" data-src=\"https:\/\/vrtici-maza.hr\/wp-content\/uploads\/2023\/05\/djecje-aktivnosti-u-vrticu-maza-14-768x576.jpg\" data-srcset=\"https:\/\/vrtici-maza.hr\/wp-content\/uploads\/2023\/05\/djecje-aktivnosti-u-vrticu-maza-14-768x576.jpg 768w, https:\/\/vrtici-maza.hr\/wp-content\/uploads\/2023\/05\/djecje-aktivnosti-u-vrticu-maza-14-1306x979.jpg 1306w\" loading=\"eager\" style=\"--ratio: 768 \/ 576\" sizes=\"(max-width: 768px) 100vw, 768px\" alt=\"Dje\u010dji vrti\u0107 Maza Vi\u0161kovo\" title=\"djecje-aktivnosti-u-vrticu-maza-14\" width=\"768\" height=\"576\"  \/><\/a>\n\t<\/div>\n<\/div>\n\n\n<div class=\"post-entry-content\">\n\n\t<h3 class=\"entry-title\">\n\t\t<a href=\"https:\/\/vrtici-maza.hr\/en\/treneri-nk-rijeka-u-mazi\/\" title=\"Treneri NK Rijeka u Mazi!\" rel=\"bookmark\">Treneri NK Rijeka u Mazi!<\/a>\n\t<\/h3>\n\n\t<div class=\"entry-meta\"><a href=\"https:\/\/vrtici-maza.hr\/en\/2023\/05\/04\/\" title=\"04:30 PM\" class=\"data-link\" rel=\"bookmark\"><time class=\"entry-date updated\" datetime=\"2023-05-04T16:30:26+00:00\">Thursday May  4th, 2023<\/time><\/a><\/div>\n\t<div class=\"entry-excerpt\"><p>U posjet paunovima krenuli smo uzbu\u0111eni i radosni, ali ne bi to bilo to da nismo imali zadatak: prou\u010davanje boja prirode koja nas okru\u017euje kako bismo kasnije bili uspje\u0161ni u rje\u0161avanju zadataka u pred\u0161koli.<\/p>\n<\/div>\n\t\n<a href=\"https:\/\/vrtici-maza.hr\/en\/treneri-nk-rijeka-u-mazi\/\" class=\"post-details details-type-link\" aria-label=\"Read more about Treneri NK Rijeka u Mazi!\">Saznajte vi\u0161e<i class=\"dt-icon-the7-arrow-03\" aria-hidden=\"true\"><\/i><\/a>\n\n<\/div><\/article><article class=\"post project-odd visible post-2892 type-post status-publish format-standard has-post-thumbnail hentry category-blog category-12 description-off\" data-name=\"Delni\u010dka uskrsna avantura!\" data-date=\"2023-04-24T10:26:07+00:00\">\n\n<div class=\"post-thumbnail-wrap\">\n\t<div class=\"post-thumbnail\">\n\n\t\t\n\t\t\n\t\t<a href=\"https:\/\/vrtici-maza.hr\/en\/dan-planeta-zemlje\/\" class=\"post-thumbnail-rollover layzr-bg layzr-bg\" ><img decoding=\"async\" class=\"blog-thumb-lazy-load preload-me lazy-load aspect\" src=\"data:image\/svg+xml,%3Csvg%20xmlns%3D&#39;http%3A%2F%2Fwww.w3.org%2F2000%2Fsvg&#39;%20viewBox%3D&#39;0%200%20768%20576&#39;%2F%3E\" data-src=\"https:\/\/vrtici-maza.hr\/wp-content\/uploads\/2023\/04\/upisi-u-djecji-vrtic-15-768x576.jpg\" data-srcset=\"https:\/\/vrtici-maza.hr\/wp-content\/uploads\/2023\/04\/upisi-u-djecji-vrtic-15-768x576.jpg 768w, https:\/\/vrtici-maza.hr\/wp-content\/uploads\/2023\/04\/upisi-u-djecji-vrtic-15-1306x979.jpg 1306w\" loading=\"eager\" style=\"--ratio: 768 \/ 576\" sizes=\"(max-width: 768px) 100vw, 768px\" alt=\"\" title=\"upisi-u-djecji-vrtic-15\" width=\"768\" height=\"576\"  \/><\/a>\n\t<\/div>\n<\/div>\n\n\n<div class=\"post-entry-content\">\n\n\t<h3 class=\"entry-title\">\n\t\t<a href=\"https:\/\/vrtici-maza.hr\/en\/dan-planeta-zemlje\/\" title=\"Delni\u010dka uskrsna avantura!\" rel=\"bookmark\">Delni\u010dka uskrsna avantura!<\/a>\n\t<\/h3>\n\n\t<div class=\"entry-meta\"><a href=\"https:\/\/vrtici-maza.hr\/en\/2023\/04\/24\/\" title=\"10:26 AM\" class=\"data-link\" rel=\"bookmark\"><time class=\"entry-date updated\" datetime=\"2023-04-24T10:26:07+00:00\">Monday April 24th, 2023<\/time><\/a><\/div>\n\t<div class=\"entry-excerpt\"><p>U posjet paunovima krenuli smo uzbu\u0111eni i radosni, ali ne bi to bilo to da nismo imali zadatak: prou\u010davanje boja prirode koja nas okru\u017euje kako bismo kasnije bili uspje\u0161ni u rje\u0161avanju zadataka u pred\u0161koli.<\/p>\n<\/div>\n\t\n<a href=\"https:\/\/vrtici-maza.hr\/en\/dan-planeta-zemlje\/\" class=\"post-details details-type-link\" aria-label=\"Read more about Delni\u010dka uskrsna avantura!\">Saznajte vi\u0161e<i class=\"dt-icon-the7-arrow-03\" aria-hidden=\"true\"><\/i><\/a>\n\n<\/div><\/article><article class=\"post project-odd visible post-2849 type-post status-publish format-standard has-post-thumbnail hentry category-blog category-12 description-off\" data-name=\"Delni\u010dka uskrsna avantura!\" data-date=\"2023-04-06T07:12:08+00:00\">\n\n<div class=\"post-thumbnail-wrap\">\n\t<div class=\"post-thumbnail\">\n\n\t\t\n\t\t\n\t\t<a href=\"https:\/\/vrtici-maza.hr\/en\/delnicka-uskrsna-avantura\/\" class=\"post-thumbnail-rollover layzr-bg layzr-bg\" ><img decoding=\"async\" class=\"blog-thumb-lazy-load preload-me lazy-load aspect\" src=\"data:image\/svg+xml,%3Csvg%20xmlns%3D&#39;http%3A%2F%2Fwww.w3.org%2F2000%2Fsvg&#39;%20viewBox%3D&#39;0%200%20768%20576&#39;%2F%3E\" data-src=\"https:\/\/vrtici-maza.hr\/wp-content\/uploads\/2023\/04\/djecji-vrtic-maza-viskovo-14-768x576.jpg\" data-srcset=\"https:\/\/vrtici-maza.hr\/wp-content\/uploads\/2023\/04\/djecji-vrtic-maza-viskovo-14-768x576.jpg 768w, https:\/\/vrtici-maza.hr\/wp-content\/uploads\/2023\/04\/djecji-vrtic-maza-viskovo-14-1306x979.jpg 1306w\" loading=\"eager\" style=\"--ratio: 768 \/ 576\" sizes=\"(max-width: 768px) 100vw, 768px\" alt=\"Najbolji vrti\u0107 za moje dijete\" title=\"djecji-vrtic-maza-viskovo-14\" width=\"768\" height=\"576\"  \/><\/a>\n\t<\/div>\n<\/div>\n\n\n<div class=\"post-entry-content\">\n\n\t<h3 class=\"entry-title\">\n\t\t<a href=\"https:\/\/vrtici-maza.hr\/en\/delnicka-uskrsna-avantura\/\" title=\"Delni\u010dka uskrsna avantura!\" rel=\"bookmark\">Delni\u010dka uskrsna avantura!<\/a>\n\t<\/h3>\n\n\t<div class=\"entry-meta\"><a href=\"https:\/\/vrtici-maza.hr\/en\/2023\/04\/06\/\" title=\"07:12 AM\" class=\"data-link\" rel=\"bookmark\"><time class=\"entry-date updated\" datetime=\"2023-04-06T07:12:08+00:00\">Thursday April  6th, 2023<\/time><\/a><\/div>\n\t<div class=\"entry-excerpt\"><p>U posjet paunovima krenuli smo uzbu\u0111eni i radosni, ali ne bi to bilo to da nismo imali zadatak: prou\u010davanje boja prirode koja nas okru\u017euje kako bismo kasnije bili uspje\u0161ni u rje\u0161avanju zadataka u pred\u0161koli.<\/p>\n<\/div>\n\t\n<a href=\"https:\/\/vrtici-maza.hr\/en\/delnicka-uskrsna-avantura\/\" class=\"post-details details-type-link\" aria-label=\"Read more about Delni\u010dka uskrsna avantura!\">Saznajte vi\u0161e<i class=\"dt-icon-the7-arrow-03\" aria-hidden=\"true\"><\/i><\/a>\n\n<\/div><\/article><article class=\"post project-odd visible post-2822 type-post status-publish format-standard has-post-thumbnail hentry category-blog category-12 description-off\" data-name=\"Maza slavi 32. ro\u0111endan!\" data-date=\"2023-04-03T11:31:14+00:00\">\n\n<div class=\"post-thumbnail-wrap\">\n\t<div class=\"post-thumbnail\">\n\n\t\t\n\t\t\n\t\t<a href=\"https:\/\/vrtici-maza.hr\/en\/maza-slavi-32-rodendan\/\" class=\"post-thumbnail-rollover layzr-bg layzr-bg\" ><img decoding=\"async\" class=\"blog-thumb-lazy-load preload-me lazy-load aspect\" src=\"data:image\/svg+xml,%3Csvg%20xmlns%3D&#39;http%3A%2F%2Fwww.w3.org%2F2000%2Fsvg&#39;%20viewBox%3D&#39;0%200%20768%20576&#39;%2F%3E\" data-src=\"https:\/\/vrtici-maza.hr\/wp-content\/uploads\/2023\/04\/32-godine-postojanja-djecjeg-vrtica-Maza-7-768x576.jpg\" data-srcset=\"https:\/\/vrtici-maza.hr\/wp-content\/uploads\/2023\/04\/32-godine-postojanja-djecjeg-vrtica-Maza-7-768x576.jpg 768w, https:\/\/vrtici-maza.hr\/wp-content\/uploads\/2023\/04\/32-godine-postojanja-djecjeg-vrtica-Maza-7-1200x899.jpg 1200w\" loading=\"eager\" style=\"--ratio: 768 \/ 576\" sizes=\"(max-width: 768px) 100vw, 768px\" alt=\"Dje\u010dji vrti\u0107 Maza slavi ro\u0111endan\" title=\"32-godine-postojanja-djecjeg-vrtica-Maza-7\" width=\"768\" height=\"576\"  \/><\/a>\n\t<\/div>\n<\/div>\n\n\n<div class=\"post-entry-content\">\n\n\t<h3 class=\"entry-title\">\n\t\t<a href=\"https:\/\/vrtici-maza.hr\/en\/maza-slavi-32-rodendan\/\" title=\"Maza slavi 32. ro\u0111endan!\" rel=\"bookmark\">Maza slavi 32. ro\u0111endan!<\/a>\n\t<\/h3>\n\n\t<div class=\"entry-meta\"><a href=\"https:\/\/vrtici-maza.hr\/en\/2023\/04\/03\/\" title=\"11:31 AM\" class=\"data-link\" rel=\"bookmark\"><time class=\"entry-date updated\" datetime=\"2023-04-03T11:31:14+00:00\">Monday April  3rd, 2023<\/time><\/a><\/div>\n\t<div class=\"entry-excerpt\"><p>U posjet paunovima krenuli smo uzbu\u0111eni i radosni, ali ne bi to bilo to da nismo imali zadatak: prou\u010davanje boja prirode koja nas okru\u017euje kako bismo kasnije bili uspje\u0161ni u rje\u0161avanju zadataka u pred\u0161koli.<\/p>\n<\/div>\n\t\n<a href=\"https:\/\/vrtici-maza.hr\/en\/maza-slavi-32-rodendan\/\" class=\"post-details details-type-link\" aria-label=\"Read more about Maza slavi 32. ro\u0111endan!\">Saznajte vi\u0161e<i class=\"dt-icon-the7-arrow-03\" aria-hidden=\"true\"><\/i><\/a>\n\n<\/div><\/article><article class=\"post project-odd visible post-2809 type-post status-publish format-standard has-post-thumbnail hentry category-blog category-12 description-off\" data-name=\"Posjet paunovima\" data-date=\"2023-03-24T12:34:40+00:00\">\n\n<div class=\"post-thumbnail-wrap\">\n\t<div class=\"post-thumbnail\">\n\n\t\t\n\t\t\n\t\t<a href=\"https:\/\/vrtici-maza.hr\/en\/posjet-paunovima\/\" class=\"post-thumbnail-rollover layzr-bg layzr-bg\" ><img decoding=\"async\" class=\"blog-thumb-lazy-load preload-me lazy-load aspect\" src=\"data:image\/svg+xml,%3Csvg%20xmlns%3D&#39;http%3A%2F%2Fwww.w3.org%2F2000%2Fsvg&#39;%20viewBox%3D&#39;0%200%20768%20576&#39;%2F%3E\" data-src=\"https:\/\/vrtici-maza.hr\/wp-content\/uploads\/2023\/03\/viber_image_2023-03-24_14-42-12-779-768x576.jpg\" data-srcset=\"https:\/\/vrtici-maza.hr\/wp-content\/uploads\/2023\/03\/viber_image_2023-03-24_14-42-12-779-768x576.jpg 768w, https:\/\/vrtici-maza.hr\/wp-content\/uploads\/2023\/03\/viber_image_2023-03-24_14-42-12-779-1306x979.jpg 1306w\" loading=\"eager\" style=\"--ratio: 768 \/ 576\" sizes=\"(max-width: 768px) 100vw, 768px\" alt=\"dje\u010dji vrti\u0107 vi\u0161kovo\" title=\"Dje\u010dji vrti\u0107 Maza\" width=\"768\" height=\"576\"  \/><\/a>\n\t<\/div>\n<\/div>\n\n\n<div class=\"post-entry-content\">\n\n\t<h3 class=\"entry-title\">\n\t\t<a href=\"https:\/\/vrtici-maza.hr\/en\/posjet-paunovima\/\" title=\"Posjet paunovima\" rel=\"bookmark\">Posjet paunovima<\/a>\n\t<\/h3>\n\n\t<div class=\"entry-meta\"><a href=\"https:\/\/vrtici-maza.hr\/en\/2023\/03\/24\/\" title=\"12:34 PM\" class=\"data-link\" rel=\"bookmark\"><time class=\"entry-date updated\" datetime=\"2023-03-24T12:34:40+00:00\">Friday March 24th, 2023<\/time><\/a><\/div>\n\t<div class=\"entry-excerpt\"><p>U posjet paunovima krenuli smo uzbu\u0111eni i radosni, ali ne bi to bilo to da nismo imali zadatak: prou\u010davanje boja prirode koja nas okru\u017euje kako bismo kasnije bili uspje\u0161ni u rje\u0161avanju zadataka u pred\u0161koli.<\/p>\n<\/div>\n\t\n<a href=\"https:\/\/vrtici-maza.hr\/en\/posjet-paunovima\/\" class=\"post-details details-type-link\" aria-label=\"Read more about Posjet paunovima\">Saznajte vi\u0161e<i class=\"dt-icon-the7-arrow-03\" aria-hidden=\"true\"><\/i><\/a>\n\n<\/div><\/article><article class=\"post project-odd visible post-2723 type-post status-publish format-standard has-post-thumbnail hentry category-blog category-12 description-off\" data-name=\"Svjetski dan osoba s Down sindromom\" data-date=\"2023-03-21T11:28:46+00:00\">\n\n<div class=\"post-thumbnail-wrap\">\n\t<div class=\"post-thumbnail\">\n\n\t\t\n\t\t\n\t\t<a href=\"https:\/\/vrtici-maza.hr\/en\/svjetski-dan-osoba-s-down-sindromom\/\" class=\"post-thumbnail-rollover layzr-bg layzr-bg\" ><img decoding=\"async\" class=\"blog-thumb-lazy-load preload-me lazy-load aspect\" src=\"data:image\/svg+xml,%3Csvg%20xmlns%3D&#39;http%3A%2F%2Fwww.w3.org%2F2000%2Fsvg&#39;%20viewBox%3D&#39;0%200%20768%20576&#39;%2F%3E\" data-src=\"https:\/\/vrtici-maza.hr\/wp-content\/uploads\/2023\/03\/Svjetski-dan-osoba-s-Down-sindromom-768x576.jpg\" data-srcset=\"https:\/\/vrtici-maza.hr\/wp-content\/uploads\/2023\/03\/Svjetski-dan-osoba-s-Down-sindromom-768x576.jpg 768w, https:\/\/vrtici-maza.hr\/wp-content\/uploads\/2023\/03\/Svjetski-dan-osoba-s-Down-sindromom-1035x776.jpg 1035w\" loading=\"eager\" style=\"--ratio: 768 \/ 576\" sizes=\"(max-width: 768px) 100vw, 768px\" alt=\"Dje\u010dji vrti\u0107 Maza Vi\u0161kovo\" title=\"Svjetski dan osoba s Down sindromom\" width=\"768\" height=\"576\"  \/><\/a>\n\t<\/div>\n<\/div>\n\n\n<div class=\"post-entry-content\">\n\n\t<h3 class=\"entry-title\">\n\t\t<a href=\"https:\/\/vrtici-maza.hr\/en\/svjetski-dan-osoba-s-down-sindromom\/\" title=\"Svjetski dan osoba s Down sindromom\" rel=\"bookmark\">Svjetski dan osoba s Down sindromom<\/a>\n\t<\/h3>\n\n\t<div class=\"entry-meta\"><a href=\"https:\/\/vrtici-maza.hr\/en\/2023\/03\/21\/\" title=\"11:28 AM\" class=\"data-link\" rel=\"bookmark\"><time class=\"entry-date updated\" datetime=\"2023-03-21T11:28:46+00:00\">Tuesday March 21st, 2023<\/time><\/a><\/div>\n\t<div class=\"entry-excerpt\"><p>Nakon 30 godina rada ispisali smo bezbroj pri\u010da i avantura. I danas jo\u0161 uvijek imamo &#8220;dijete u sebi&#8221; jer gledati svijet dje\u010djim o\u010dima je upravo ono \u0161to nas \u010dini druga\u010dijima.<\/p>\n<\/div>\n\t\n<a href=\"https:\/\/vrtici-maza.hr\/en\/svjetski-dan-osoba-s-down-sindromom\/\" class=\"post-details details-type-link\" aria-label=\"Read more about Svjetski dan osoba s Down sindromom\">Saznajte vi\u0161e<i class=\"dt-icon-the7-arrow-03\" aria-hidden=\"true\"><\/i><\/a>\n\n<\/div><\/article><article class=\"post project-odd visible post-2740 type-post status-publish format-standard has-post-thumbnail hentry category-blog category-12 description-off\" data-name=\"Tate, sretan Dan o\u010deva!\" data-date=\"2023-03-20T12:03:35+00:00\">\n\n<div class=\"post-thumbnail-wrap\">\n\t<div class=\"post-thumbnail\">\n\n\t\t\n\t\t\n\t\t<a href=\"https:\/\/vrtici-maza.hr\/en\/tate-sretan-dan-oceva\/\" class=\"post-thumbnail-rollover layzr-bg layzr-bg\" ><img decoding=\"async\" class=\"blog-thumb-lazy-load preload-me lazy-load aspect\" src=\"data:image\/svg+xml,%3Csvg%20xmlns%3D&#39;http%3A%2F%2Fwww.w3.org%2F2000%2Fsvg&#39;%20viewBox%3D&#39;0%200%20768%20576&#39;%2F%3E\" data-src=\"https:\/\/vrtici-maza.hr\/wp-content\/uploads\/2023\/03\/sretan-dan-oceva-zeli-djecji-vrtic-maza-768x576.jpg\" data-srcset=\"https:\/\/vrtici-maza.hr\/wp-content\/uploads\/2023\/03\/sretan-dan-oceva-zeli-djecji-vrtic-maza-768x576.jpg 768w, https:\/\/vrtici-maza.hr\/wp-content\/uploads\/2023\/03\/sretan-dan-oceva-zeli-djecji-vrtic-maza-1024x768.jpg 1024w\" loading=\"eager\" style=\"--ratio: 768 \/ 576\" sizes=\"(max-width: 768px) 100vw, 768px\" alt=\"djecji-vrtic-viskovo\" title=\"sretan-dan-oceva-zeli-djecji-vrtic-maza\" width=\"768\" height=\"576\"  \/><\/a>\n\t<\/div>\n<\/div>\n\n\n<div class=\"post-entry-content\">\n\n\t<h3 class=\"entry-title\">\n\t\t<a href=\"https:\/\/vrtici-maza.hr\/en\/tate-sretan-dan-oceva\/\" title=\"Tate, sretan Dan o\u010deva!\" rel=\"bookmark\">Tate, sretan Dan o\u010deva!<\/a>\n\t<\/h3>\n\n\t<div class=\"entry-meta\"><a href=\"https:\/\/vrtici-maza.hr\/en\/2023\/03\/20\/\" title=\"12:03 PM\" class=\"data-link\" rel=\"bookmark\"><time class=\"entry-date updated\" datetime=\"2023-03-20T12:03:35+00:00\">Monday March 20th, 2023<\/time><\/a><\/div>\n\t<div class=\"entry-excerpt\"><p>Na\u0161im divnim i najboljim tatama na svijetu pro\u0161li tjedan smo izradili smo posebne poklon\u010di\u0107e za koje smo ulo\u017eili punooo truda. Nadamo se da su vam se svidjeli, mi smo u\u017eivali izra\u0111uju\u0107i ih. I za kraj dodatna pjesmica\/recitacija za na\u0161e tate!<\/p>\n<\/div>\n\t\n<a href=\"https:\/\/vrtici-maza.hr\/en\/tate-sretan-dan-oceva\/\" class=\"post-details details-type-link\" aria-label=\"Read more about Tate, sretan Dan o\u010deva!\">Saznajte vi\u0161e<i class=\"dt-icon-the7-arrow-03\" aria-hidden=\"true\"><\/i><\/a>\n\n<\/div><\/article><article class=\"post project-odd visible post-2756 type-post status-publish format-standard has-post-thumbnail hentry category-blog category-12 description-off\" data-name=\"Prolje\u0107e kuca na vrata\" data-date=\"2023-03-17T12:14:43+00:00\">\n\n<div class=\"post-thumbnail-wrap\">\n\t<div class=\"post-thumbnail\">\n\n\t\t\n\t\t\n\t\t<a href=\"https:\/\/vrtici-maza.hr\/en\/proljece-kuca-na-vrata\/\" class=\"post-thumbnail-rollover layzr-bg layzr-bg\" ><img decoding=\"async\" class=\"blog-thumb-lazy-load preload-me lazy-load aspect\" src=\"data:image\/svg+xml,%3Csvg%20xmlns%3D&#39;http%3A%2F%2Fwww.w3.org%2F2000%2Fsvg&#39;%20viewBox%3D&#39;0%200%20524%20393&#39;%2F%3E\" data-src=\"https:\/\/vrtici-maza.hr\/wp-content\/uploads\/2023\/03\/Proljece-kuca-na-vrata-524x393.jpg\" data-srcset=\"https:\/\/vrtici-maza.hr\/wp-content\/uploads\/2023\/03\/Proljece-kuca-na-vrata-524x393.jpg 524w, https:\/\/vrtici-maza.hr\/wp-content\/uploads\/2023\/03\/Proljece-kuca-na-vrata-524x392.jpg 524w\" loading=\"eager\" style=\"--ratio: 524 \/ 393\" sizes=\"(max-width: 524px) 100vw, 524px\" alt=\"prolje\u0107e u mazi\" title=\"Prolje\u0107e kuca na vrata\" width=\"524\" height=\"393\"  \/><\/a>\n\t<\/div>\n<\/div>\n\n\n<div class=\"post-entry-content\">\n\n\t<h3 class=\"entry-title\">\n\t\t<a href=\"https:\/\/vrtici-maza.hr\/en\/proljece-kuca-na-vrata\/\" title=\"Prolje\u0107e kuca na vrata\" rel=\"bookmark\">Prolje\u0107e kuca na vrata<\/a>\n\t<\/h3>\n\n\t<div class=\"entry-meta\"><a href=\"https:\/\/vrtici-maza.hr\/en\/2023\/03\/17\/\" title=\"12:14 PM\" class=\"data-link\" rel=\"bookmark\"><time class=\"entry-date updated\" datetime=\"2023-03-17T12:14:43+00:00\">Friday March 17th, 2023<\/time><\/a><\/div>\n\t<div class=\"entry-excerpt\"><p>Ovaj tjedan je protekao za \u010das uz puno svje\u017eeg, proljetnog zraka kojeg smo iskoristili maksimalno pa smo danas malo \u0161trajkali s pred\u0161kolom i oti\u0161li u obli\u017enju \u0161umicu da vidimo ima li kakvih promjena od zadnjeg puta. Do\u010dekala nas je puna livada mirisnih ljubi\u010dica i tratin\u010dica koje su djevoj\u010dice odlu\u010dile slagati u buketi\u0107e, dok je manjina dje\u010daka tra\u017eila tajno mjesto za \u0161i\u0161arke i ostale njima zanimljive prirodne stvari.<\/p>\n<\/div>\n\t\n<a href=\"https:\/\/vrtici-maza.hr\/en\/proljece-kuca-na-vrata\/\" class=\"post-details details-type-link\" aria-label=\"Read more about Prolje\u0107e kuca na vrata\">Saznajte vi\u0161e<i class=\"dt-icon-the7-arrow-03\" aria-hidden=\"true\"><\/i><\/a>\n\n<\/div><\/article><article class=\"post project-odd visible post-2768 type-post status-publish format-standard has-post-thumbnail hentry category-blog category-12 description-off\" data-name=\"Glazba &#038; sluh\" data-date=\"2023-03-10T12:42:19+00:00\">\n\n<div class=\"post-thumbnail-wrap\">\n\t<div class=\"post-thumbnail\">\n\n\t\t\n\t\t\n\t\t<a href=\"https:\/\/vrtici-maza.hr\/en\/glazba-i-sluh\/\" class=\"post-thumbnail-rollover layzr-bg layzr-bg\" ><img decoding=\"async\" class=\"blog-thumb-lazy-load preload-me lazy-load aspect\" src=\"data:image\/svg+xml,%3Csvg%20xmlns%3D&#39;http%3A%2F%2Fwww.w3.org%2F2000%2Fsvg&#39;%20viewBox%3D&#39;0%200%20768%20576&#39;%2F%3E\" data-src=\"https:\/\/vrtici-maza.hr\/wp-content\/uploads\/2023\/03\/Glazba-i-sluh-768x576.jpg\" data-srcset=\"https:\/\/vrtici-maza.hr\/wp-content\/uploads\/2023\/03\/Glazba-i-sluh-768x576.jpg 768w, https:\/\/vrtici-maza.hr\/wp-content\/uploads\/2023\/03\/Glazba-i-sluh-791x592.jpg 791w\" loading=\"eager\" style=\"--ratio: 768 \/ 576\" sizes=\"(max-width: 768px) 100vw, 768px\" alt=\"najbolji dje\u010dji vrti\u0107\" title=\"dje\u010dji vrti\u0107 maza\" width=\"768\" height=\"576\"  \/><\/a>\n\t<\/div>\n<\/div>\n\n\n<div class=\"post-entry-content\">\n\n\t<h3 class=\"entry-title\">\n\t\t<a href=\"https:\/\/vrtici-maza.hr\/en\/glazba-i-sluh\/\" title=\"Glazba &#038; sluh\" rel=\"bookmark\">Glazba &#038; sluh<\/a>\n\t<\/h3>\n\n\t<div class=\"entry-meta\"><a href=\"https:\/\/vrtici-maza.hr\/en\/2023\/03\/10\/\" title=\"12:42 PM\" class=\"data-link\" rel=\"bookmark\"><time class=\"entry-date updated\" datetime=\"2023-03-10T12:42:19+00:00\">Friday March 10th, 2023<\/time><\/a><\/div>\n\t<div class=\"entry-excerpt\"><p>Posljednja dva dana smo se prebacili na glazbu jer smo se bavili zadnjim osjetilom povezanom uz glavu &#8211; sluh. Oformili smo mali bend i imali pravi instrimentalni koncert. Pjeva\u010da jo\u0161 tra\u017eimo, audicija je otvorena pa se slobodno prijavite! \ud83d\ude0e\ud83e\udd18<\/p>\n<\/div>\n\t\n<a href=\"https:\/\/vrtici-maza.hr\/en\/glazba-i-sluh\/\" class=\"post-details details-type-link\" aria-label=\"Read more about Glazba &#038; sluh\">Saznajte vi\u0161e<i class=\"dt-icon-the7-arrow-03\" aria-hidden=\"true\"><\/i><\/a>\n\n<\/div><\/article><article class=\"post project-odd visible post-2802 type-post status-publish format-standard has-post-thumbnail hentry category-blog category-12 description-off\" data-name=\"Dru\u017eenje mama povodom Dana \u017eena u Kooglani\" data-date=\"2023-03-09T13:17:57+00:00\">\n\n<div class=\"post-thumbnail-wrap\">\n\t<div class=\"post-thumbnail\">\n\n\t\t\n\t\t\n\t\t<a href=\"https:\/\/vrtici-maza.hr\/en\/druzenje-mama-povodom-dana-zena-u-kooglani\/\" class=\"post-thumbnail-rollover layzr-bg layzr-bg\" ><img decoding=\"async\" class=\"blog-thumb-lazy-load preload-me lazy-load aspect\" src=\"data:image\/svg+xml,%3Csvg%20xmlns%3D&#39;http%3A%2F%2Fwww.w3.org%2F2000%2Fsvg&#39;%20viewBox%3D&#39;0%200%20768%20576&#39;%2F%3E\" data-src=\"https:\/\/vrtici-maza.hr\/wp-content\/uploads\/2023\/03\/Dana-zena-u-Kooglani-768x576.jpg\" data-srcset=\"https:\/\/vrtici-maza.hr\/wp-content\/uploads\/2023\/03\/Dana-zena-u-Kooglani-768x576.jpg 768w, https:\/\/vrtici-maza.hr\/wp-content\/uploads\/2023\/03\/Dana-zena-u-Kooglani-1306x979.jpg 1306w\" loading=\"eager\" style=\"--ratio: 768 \/ 576\" sizes=\"(max-width: 768px) 100vw, 768px\" alt=\"Dje\u010dji vrti\u0107 Maza Vi\u0161kovo\" title=\"Dana zena u Kooglani\" width=\"768\" height=\"576\"  \/><\/a>\n\t<\/div>\n<\/div>\n\n\n<div class=\"post-entry-content\">\n\n\t<h3 class=\"entry-title\">\n\t\t<a href=\"https:\/\/vrtici-maza.hr\/en\/druzenje-mama-povodom-dana-zena-u-kooglani\/\" title=\"Dru\u017eenje mama povodom Dana \u017eena u Kooglani\" rel=\"bookmark\">Dru\u017eenje mama povodom Dana \u017eena u Kooglani<\/a>\n\t<\/h3>\n\n\t<div class=\"entry-meta\"><a href=\"https:\/\/vrtici-maza.hr\/en\/2023\/03\/09\/\" title=\"01:17 PM\" class=\"data-link\" rel=\"bookmark\"><time class=\"entry-date updated\" datetime=\"2023-03-09T13:17:57+00:00\">Thursday March  9th, 2023<\/time><\/a><\/div>\n\t<div class=\"entry-excerpt\"><p>Povodom Dana \u017eena odlu\u010dili smo proslaviti ovaj poseban dan u dobrom dru\u0161tvu i zabavi s na\u0161im mamama u &#8220;Kooglana Food &#038; Bar | Bowling centar Rijeka&#8221;.<\/p>\n<\/div>\n\t\n<a href=\"https:\/\/vrtici-maza.hr\/en\/druzenje-mama-povodom-dana-zena-u-kooglani\/\" class=\"post-details details-type-link\" aria-label=\"Read more about Dru\u017eenje mama povodom Dana \u017eena u Kooglani\">Saznajte vi\u0161e<i class=\"dt-icon-the7-arrow-03\" aria-hidden=\"true\"><\/i><\/a>\n\n<\/div><\/article><article class=\"post project-odd visible post-2786 type-post status-publish format-standard has-post-thumbnail hentry category-blog category-12 description-off\" data-name=\"Izrada \u010destitki za Dan \u017eena\" data-date=\"2023-03-07T13:12:28+00:00\">\n\n<div class=\"post-thumbnail-wrap\">\n\t<div class=\"post-thumbnail\">\n\n\t\t\n\t\t\n\t\t<a href=\"https:\/\/vrtici-maza.hr\/en\/izrada-cestitki-za-dan-zena\/\" class=\"post-thumbnail-rollover layzr-bg layzr-bg\" ><img decoding=\"async\" class=\"blog-thumb-lazy-load preload-me lazy-load aspect\" src=\"data:image\/svg+xml,%3Csvg%20xmlns%3D&#39;http%3A%2F%2Fwww.w3.org%2F2000%2Fsvg&#39;%20viewBox%3D&#39;0%200%20768%20576&#39;%2F%3E\" data-src=\"https:\/\/vrtici-maza.hr\/wp-content\/uploads\/2023\/03\/dan-zena-u-mazi-12-768x576.jpg\" data-srcset=\"https:\/\/vrtici-maza.hr\/wp-content\/uploads\/2023\/03\/dan-zena-u-mazi-12-768x576.jpg 768w, https:\/\/vrtici-maza.hr\/wp-content\/uploads\/2023\/03\/dan-zena-u-mazi-12-1306x979.jpg 1306w\" loading=\"eager\" style=\"--ratio: 768 \/ 576\" sizes=\"(max-width: 768px) 100vw, 768px\" alt=\"\" title=\"dan-zena-u-mazi-12\" width=\"768\" height=\"576\"  \/><\/a>\n\t<\/div>\n<\/div>\n\n\n<div class=\"post-entry-content\">\n\n\t<h3 class=\"entry-title\">\n\t\t<a href=\"https:\/\/vrtici-maza.hr\/en\/izrada-cestitki-za-dan-zena\/\" title=\"Izrada \u010destitki za Dan \u017eena\" rel=\"bookmark\">Izrada \u010destitki za Dan \u017eena<\/a>\n\t<\/h3>\n\n\t<div class=\"entry-meta\"><a href=\"https:\/\/vrtici-maza.hr\/en\/2023\/03\/07\/\" title=\"01:12 PM\" class=\"data-link\" rel=\"bookmark\"><time class=\"entry-date updated\" datetime=\"2023-03-07T13:12:28+00:00\">Tuesday March  7th, 2023<\/time><\/a><\/div>\n\t<div class=\"entry-excerpt\"><p>Kako bi razveselili drage \u017eene u njihovim \u017eivotima, dje\u010dica su odmah po\u010detkom tjedna zasukala rukave i odva\u017eila se na izradu posebne \u010destitke za Dan \u017eena. Bilo je zahtjevnije, ali uz upute i minimalnu pomo\u0107 odgajateljice, trud se isplatio i djeca su bila odu\u0161evljena rezultatom.<\/p>\n<\/div>\n\t\n<a href=\"https:\/\/vrtici-maza.hr\/en\/izrada-cestitki-za-dan-zena\/\" class=\"post-details details-type-link\" aria-label=\"Read more about Izrada \u010destitki za Dan \u017eena\">Saznajte vi\u0161e<i class=\"dt-icon-the7-arrow-03\" aria-hidden=\"true\"><\/i><\/a>\n\n<\/div><\/article><article class=\"post project-odd visible post-2587 type-post status-publish format-standard has-post-thumbnail hentry category-blog category-12 description-off\" data-name=\"Maza slavi 30. ro\u0111endan\" data-date=\"2021-04-29T09:45:00+00:00\">\n\n<div class=\"post-thumbnail-wrap\">\n\t<div class=\"post-thumbnail\">\n\n\t\t\n\t\t\n\t\t<a href=\"https:\/\/vrtici-maza.hr\/en\/djecji-vrtic-maza-slavi-30-rodendan\/\" class=\"post-thumbnail-rollover layzr-bg layzr-bg\" ><img decoding=\"async\" class=\"blog-thumb-lazy-load preload-me lazy-load aspect\" src=\"data:image\/svg+xml,%3Csvg%20xmlns%3D&#39;http%3A%2F%2Fwww.w3.org%2F2000%2Fsvg&#39;%20viewBox%3D&#39;0%200%20768%20576&#39;%2F%3E\" data-src=\"https:\/\/vrtici-maza.hr\/wp-content\/uploads\/2021\/04\/djecji-vrtic-viskovo-4-768x576.jpg\" data-srcset=\"https:\/\/vrtici-maza.hr\/wp-content\/uploads\/2021\/04\/djecji-vrtic-viskovo-4-768x576.jpg 768w, https:\/\/vrtici-maza.hr\/wp-content\/uploads\/2021\/04\/djecji-vrtic-viskovo-4-1068x800.jpg 1068w\" loading=\"eager\" style=\"--ratio: 768 \/ 576\" sizes=\"(max-width: 768px) 100vw, 768px\" alt=\"djecji-vrtic-viskovo\" title=\"djecji-vrtic-viskovo\" width=\"768\" height=\"576\"  \/><\/a>\n\t<\/div>\n<\/div>\n\n\n<div class=\"post-entry-content\">\n\n\t<h3 class=\"entry-title\">\n\t\t<a href=\"https:\/\/vrtici-maza.hr\/en\/djecji-vrtic-maza-slavi-30-rodendan\/\" title=\"Maza slavi 30. ro\u0111endan\" rel=\"bookmark\">Maza slavi 30. ro\u0111endan<\/a>\n\t<\/h3>\n\n\t<div class=\"entry-meta\"><a href=\"https:\/\/vrtici-maza.hr\/en\/2021\/04\/29\/\" title=\"09:45 AM\" class=\"data-link\" rel=\"bookmark\"><time class=\"entry-date updated\" datetime=\"2021-04-29T09:45:00+00:00\">Thursday April 29th, 2021<\/time><\/a><\/div>\n\t<div class=\"entry-excerpt\"><p>Nakon 30 godina rada ispisali smo bezbroj pri\u010da i avantura. I danas jo\u0161 uvijek imamo &#8220;dijete u sebi&#8221; jer gledati svijet dje\u010djim o\u010dima je upravo ono \u0161to nas \u010dini druga\u010dijima.<\/p>\n<\/div>\n\t\n<a href=\"https:\/\/vrtici-maza.hr\/en\/djecji-vrtic-maza-slavi-30-rodendan\/\" class=\"post-details details-type-link\" aria-label=\"Read more about Maza slavi 30. ro\u0111endan\">Saznajte vi\u0161e<i class=\"dt-icon-the7-arrow-03\" aria-hidden=\"true\"><\/i><\/a>\n\n<\/div><\/article><\/div>[\/vc_column][\/vc_row]<\/p>\n<p><\/p>\n<\/div>","protected":false},"excerpt":{"rendered":"<p>[vc_row gap=&#8221;35&#8243; bg_type=&#8221;bg_color&#8221; bg_override=&#8221;full&#8221; bg_color_value=&#8221;#f5f6f6&#8243; css=&#8221;.vc_custom_1679661201443{margin-bottom: -20px !important;}&#8221;][vc_column width=&#8221;1\/6&#8243;][\/vc_column][vc_column width=&#8221;2\/3&#8243;][vc_column_text] The work focus of \u201eMaza\u201c kindergarten is on the encouragement of the complete development, education of young and preschool children together with the implementation of quality programme, appropriate incentives and methods, their individual needs and different development characteristics. [\/vc_column_text][\/vc_column][vc_column width=&#8221;1\/6&#8243;][\/vc_column][\/vc_row][vc_row bg_type=&#8221;bg_color&#8221; bg_override=&#8221;full&#8221; bg_color_value=&#8221;#f5f6f6&#8243; css=&#8221;.vc_custom_1619690292869{padding-bottom: 100px&hellip;<\/p>\n","protected":false},"author":1,"featured_media":0,"parent":0,"menu_order":20,"comment_status":"closed","ping_status":"closed","template":"","meta":{"footnotes":""},"class_list":["post-2269","page","type-page","status-publish","hentry","description-off"],"yoast_head":"<!-- This site is optimized with the Yoast SEO plugin v25.6 - https:\/\/yoast.com\/wordpress\/plugins\/seo\/ -->\n<title>Blog - Dje\u010dji vrti\u0107 Maza<\/title>\n<meta name=\"description\" content=\"Pratite najnovije sadr\u017eaje i zbivanja. Cjelokupni rad dje\u010djeg vrti\u0107a Maz usmjeren je na poticanje cjelovitog razvoja, odgoja i obrazovanja djece.\" \/>\n<meta name=\"robots\" content=\"index, follow, max-snippet:-1, max-image-preview:large, max-video-preview:-1\" \/>\n<link rel=\"canonical\" href=\"https:\/\/vrtici-maza.hr\/blog-i-novosti\/\" \/>\n<meta property=\"og:locale\" content=\"en_US\" \/>\n<meta property=\"og:type\" content=\"article\" \/>\n<meta property=\"og:title\" content=\"Blog - Dje\u010dji vrti\u0107 Maza\" \/>\n<meta property=\"og:description\" content=\"Pratite najnovije sadr\u017eaje i zbivanja. Cjelokupni rad dje\u010djeg vrti\u0107a Maz usmjeren je na poticanje cjelovitog razvoja, odgoja i obrazovanja djece.\" \/>\n<meta property=\"og:url\" content=\"https:\/\/vrtici-maza.hr\/blog-i-novosti\/\" \/>\n<meta property=\"og:site_name\" content=\"Dje\u010dji vrti\u0107 Maza\" \/>\n<meta property=\"article:modified_time\" content=\"2023-03-24T13:31:48+00:00\" \/>\n<meta name=\"twitter:card\" content=\"summary_large_image\" \/>\n<meta name=\"twitter:label1\" content=\"Est. reading time\" \/>\n\t<meta name=\"twitter:data1\" content=\"1 minute\" \/>\n<script type=\"application\/ld+json\" class=\"yoast-schema-graph\">{\"@context\":\"https:\/\/schema.org\",\"@graph\":[{\"@type\":\"WebPage\",\"@id\":\"https:\/\/vrtici-maza.hr\/blog-i-novosti\/\",\"url\":\"https:\/\/vrtici-maza.hr\/blog-i-novosti\/\",\"name\":\"Blog - Dje\u010dji vrti\u0107 Maza\",\"isPartOf\":{\"@id\":\"https:\/\/vrtici-maza.hr\/en\/#website\"},\"datePublished\":\"2021-02-09T12:33:09+00:00\",\"dateModified\":\"2023-03-24T13:31:48+00:00\",\"description\":\"Pratite najnovije sadr\u017eaje i zbivanja. Cjelokupni rad dje\u010djeg vrti\u0107a Maz usmjeren je na poticanje cjelovitog razvoja, odgoja i obrazovanja djece.\",\"breadcrumb\":{\"@id\":\"https:\/\/vrtici-maza.hr\/blog-i-novosti\/#breadcrumb\"},\"inLanguage\":\"en-US\",\"potentialAction\":[{\"@type\":\"ReadAction\",\"target\":[\"https:\/\/vrtici-maza.hr\/blog-i-novosti\/\"]}]},{\"@type\":\"BreadcrumbList\",\"@id\":\"https:\/\/vrtici-maza.hr\/blog-i-novosti\/#breadcrumb\",\"itemListElement\":[{\"@type\":\"ListItem\",\"position\":1,\"name\":\"Home\",\"item\":\"https:\/\/vrtici-maza.hr\/\"},{\"@type\":\"ListItem\",\"position\":2,\"name\":\"Blog\"}]},{\"@type\":\"WebSite\",\"@id\":\"https:\/\/vrtici-maza.hr\/en\/#website\",\"url\":\"https:\/\/vrtici-maza.hr\/en\/\",\"name\":\"Dje\u010dji vrti\u0107 Maza\",\"description\":\"Vi\u0161kovo\",\"potentialAction\":[{\"@type\":\"SearchAction\",\"target\":{\"@type\":\"EntryPoint\",\"urlTemplate\":\"https:\/\/vrtici-maza.hr\/en\/?s={search_term_string}\"},\"query-input\":{\"@type\":\"PropertyValueSpecification\",\"valueRequired\":true,\"valueName\":\"search_term_string\"}}],\"inLanguage\":\"en-US\"}]}<\/script>\n<!-- \/ Yoast SEO plugin. -->","yoast_head_json":{"title":"Blog - Dje\u010dji vrti\u0107 Maza","description":"Pratite najnovije sadr\u017eaje i zbivanja. Cjelokupni rad dje\u010djeg vrti\u0107a Maz usmjeren je na poticanje cjelovitog razvoja, odgoja i obrazovanja djece.","robots":{"index":"index","follow":"follow","max-snippet":"max-snippet:-1","max-image-preview":"max-image-preview:large","max-video-preview":"max-video-preview:-1"},"canonical":"https:\/\/vrtici-maza.hr\/blog-i-novosti\/","og_locale":"en_US","og_type":"article","og_title":"Blog - Dje\u010dji vrti\u0107 Maza","og_description":"Pratite najnovije sadr\u017eaje i zbivanja. Cjelokupni rad dje\u010djeg vrti\u0107a Maz usmjeren je na poticanje cjelovitog razvoja, odgoja i obrazovanja djece.","og_url":"https:\/\/vrtici-maza.hr\/blog-i-novosti\/","og_site_name":"Dje\u010dji vrti\u0107 Maza","article_modified_time":"2023-03-24T13:31:48+00:00","twitter_card":"summary_large_image","twitter_misc":{"Est. reading time":"1 minute"},"schema":{"@context":"https:\/\/schema.org","@graph":[{"@type":"WebPage","@id":"https:\/\/vrtici-maza.hr\/blog-i-novosti\/","url":"https:\/\/vrtici-maza.hr\/blog-i-novosti\/","name":"Blog - Dje\u010dji vrti\u0107 Maza","isPartOf":{"@id":"https:\/\/vrtici-maza.hr\/en\/#website"},"datePublished":"2021-02-09T12:33:09+00:00","dateModified":"2023-03-24T13:31:48+00:00","description":"Pratite najnovije sadr\u017eaje i zbivanja. Cjelokupni rad dje\u010djeg vrti\u0107a Maz usmjeren je na poticanje cjelovitog razvoja, odgoja i obrazovanja djece.","breadcrumb":{"@id":"https:\/\/vrtici-maza.hr\/blog-i-novosti\/#breadcrumb"},"inLanguage":"en-US","potentialAction":[{"@type":"ReadAction","target":["https:\/\/vrtici-maza.hr\/blog-i-novosti\/"]}]},{"@type":"BreadcrumbList","@id":"https:\/\/vrtici-maza.hr\/blog-i-novosti\/#breadcrumb","itemListElement":[{"@type":"ListItem","position":1,"name":"Home","item":"https:\/\/vrtici-maza.hr\/"},{"@type":"ListItem","position":2,"name":"Blog"}]},{"@type":"WebSite","@id":"https:\/\/vrtici-maza.hr\/en\/#website","url":"https:\/\/vrtici-maza.hr\/en\/","name":"Dje\u010dji vrti\u0107 Maza","description":"Vi\u0161kovo","potentialAction":[{"@type":"SearchAction","target":{"@type":"EntryPoint","urlTemplate":"https:\/\/vrtici-maza.hr\/en\/?s={search_term_string}"},"query-input":{"@type":"PropertyValueSpecification","valueRequired":true,"valueName":"search_term_string"}}],"inLanguage":"en-US"}]}},"_links":{"self":[{"href":"https:\/\/vrtici-maza.hr\/en\/wp-json\/wp\/v2\/pages\/2269","targetHints":{"allow":["GET"]}}],"collection":[{"href":"https:\/\/vrtici-maza.hr\/en\/wp-json\/wp\/v2\/pages"}],"about":[{"href":"https:\/\/vrtici-maza.hr\/en\/wp-json\/wp\/v2\/types\/page"}],"author":[{"embeddable":true,"href":"https:\/\/vrtici-maza.hr\/en\/wp-json\/wp\/v2\/users\/1"}],"replies":[{"embeddable":true,"href":"https:\/\/vrtici-maza.hr\/en\/wp-json\/wp\/v2\/comments?post=2269"}],"version-history":[{"count":20,"href":"https:\/\/vrtici-maza.hr\/en\/wp-json\/wp\/v2\/pages\/2269\/revisions"}],"predecessor-version":[{"id":2808,"href":"https:\/\/vrtici-maza.hr\/en\/wp-json\/wp\/v2\/pages\/2269\/revisions\/2808"}],"wp:attachment":[{"href":"https:\/\/vrtici-maza.hr\/en\/wp-json\/wp\/v2\/media?parent=2269"}],"curies":[{"name":"wp","href":"https:\/\/api.w.org\/{rel}","templated":true}]}}